{"id":2476,"date":"2023-07-17T11:48:42","date_gmt":"2023-07-17T10:48:42","guid":{"rendered":"https:\/\/loscascosverdes.org\/?page_id=2476"},"modified":"2025-08-11T13:34:37","modified_gmt":"2025-08-11T12:34:37","slug":"reforestacion","status":"publish","type":"page","link":"https:\/\/loscascosverdes.org\/en\/reforestacion\/","title":{"rendered":"Reforestation"},"content":{"rendered":"\t\t<div data-elementor-type=\"wp-page\" data-elementor-id=\"2476\" class=\"elementor elementor-2476\" data-elementor-post-type=\"page\">\n\t\t\t\t\t\t<section class=\"elementor-section elementor-top-section elementor-element elementor-element-6e6b295 elementor-section-boxed elementor-section-height-default elementor-section-height-default\" data-id=\"6e6b295\" data-element_type=\"section\" data-e-type=\"section\">\n\t\t\t\t\t\t<div class=\"elementor-container elementor-column-gap-default\">\n\t\t\t\t\t<div class=\"elementor-column elementor-col-100 elementor-top-column elementor-element elementor-element-0e87691\" data-id=\"0e87691\" data-element_type=\"column\" data-e-type=\"column\">\n\t\t\t<div class=\"elementor-widget-wrap elementor-element-populated\">\n\t\t\t\t\t\t<div class=\"elementor-element elementor-element-b59617d elementor-widget-divider--separator-type-pattern elementor-widget-divider--no-spacing elementor-widget-divider--view-line elementor-widget elementor-widget-divider\" data-id=\"b59617d\" data-element_type=\"widget\" data-e-type=\"widget\" data-settings=\"{&quot;motion_fx_motion_fx_scrolling&quot;:&quot;yes&quot;,&quot;motion_fx_translateX_effect&quot;:&quot;yes&quot;,&quot;motion_fx_translateX_direction&quot;:&quot;negative&quot;,&quot;motion_fx_translateX_speed&quot;:{&quot;unit&quot;:&quot;px&quot;,&quot;size&quot;:&quot;0.3&quot;,&quot;sizes&quot;:[]},&quot;motion_fx_translateX_affectedRange&quot;:{&quot;unit&quot;:&quot;%&quot;,&quot;size&quot;:&quot;&quot;,&quot;sizes&quot;:{&quot;start&quot;:0,&quot;end&quot;:100}},&quot;motion_fx_devices&quot;:[&quot;desktop&quot;,&quot;tablet&quot;,&quot;mobile&quot;]}\" data-widget_type=\"divider.default\">\n\t\t\t\t<div class=\"elementor-widget-container\">\n\t\t\t\t\t\t\t<div class=\"elementor-divider\" style=\"--divider-pattern-url: url(&quot;data:image\/svg+xml,%3Csvg xmlns=&#039;http:\/\/www.w3.org\/2000\/svg&#039; preserveAspectRatio=&#039;xMidYMid meet&#039; overflow=&#039;visible&#039; height=&#039;100%&#039; viewBox=&#039;0 0 117 26&#039; fill=&#039;black&#039; stroke=&#039;none&#039;%3E%3Cpath d=&#039;M3,1.5C5,4.9,6,8.8,6,13s-1.7,8.1-5,11.5C0.3,21.1,0,17.2,0,13S1,4.9,3,1.5z M16,1.5c2,3.4,3,7.3,3,11.5s-1,8.1-3,11.5c-2-4.1-3-8.3-3-12.5S14,4.3,16,1.5z M29,1.5c2,4.8,3,9.3,3,13.5s-1,7.4-3,9.5c-2-3.4-3-7.3-3-11.5S27,4.9,29,1.5z M41.1,1.5C43.7,4.9,45,8.8,45,13s-1,8.1-3,11.5c-2-3.4-3-7.3-3-11.5S39.7,4.9,41.1,1.5zM55,1.5c2,2.8,3,6.3,3,10.5s-1.3,8.4-4,12.5c-1.3-3.4-2-7.3-2-11.5S53,4.9,55,1.5z M68,1.5c2,3.4,3,7.3,3,11.5s-0.7,8.1-2,11.5c-2.7-4.8-4-9.3-4-13.5S66,3.6,68,1.5z M82,1.5c1.3,4.8,2,9.3,2,13.5s-1,7.4-3,9.5c-2-3.4-3-7.3-3-11.5S79.3,4.9,82,1.5z M94,1.5c2,3.4,3,7.3,3,11.5s-1.3,8.1-4,11.5c-1.3-1.4-2-4.3-2-8.5S92,6.9,94,1.5z M107,1.5c2,2.1,3,5.3,3,9.5s-0.7,8.7-2,13.5c-2.7-3.4-4-7.3-4-11.5S105,4.9,107,1.5z&#039;\/%3E%3C\/svg%3E&quot;);\">\n\t\t\t<span class=\"elementor-divider-separator\">\n\t\t\t\t\t\t<\/span>\n\t\t<\/div>\n\t\t\t\t\t\t<\/div>\n\t\t\t\t<\/div>\n\t\t\t\t<div class=\"elementor-element elementor-element-809d964 elementor-widget elementor-widget-heading\" data-id=\"809d964\" data-element_type=\"widget\" data-e-type=\"widget\" data-widget_type=\"heading.default\">\n\t\t\t\t<div class=\"elementor-widget-container\">\n\t\t\t\t\t<h2 class=\"elementor-heading-title elementor-size-xl\">Reforestaci\u00f3n<\/h2>\t\t\t\t<\/div>\n\t\t\t\t<\/div>\n\t\t\t\t<section class=\"elementor-section elementor-inner-section elementor-element elementor-element-7b41497 elementor-section-boxed elementor-section-height-default elementor-section-height-default\" data-id=\"7b41497\" data-element_type=\"section\" data-e-type=\"section\">\n\t\t\t\t\t\t<div class=\"elementor-container elementor-column-gap-default\">\n\t\t\t\t\t<div class=\"elementor-column elementor-col-33 elementor-inner-column elementor-element elementor-element-2c1d439\" data-id=\"2c1d439\" data-element_type=\"column\" data-e-type=\"column\">\n\t\t\t<div class=\"elementor-widget-wrap\">\n\t\t\t\t\t\t\t<\/div>\n\t\t<\/div>\n\t\t\t\t<div class=\"elementor-column elementor-col-33 elementor-inner-column elementor-element elementor-element-8b4a9ac\" data-id=\"8b4a9ac\" data-element_type=\"column\" data-e-type=\"column\">\n\t\t\t<div class=\"elementor-widget-wrap\">\n\t\t\t\t\t\t\t<\/div>\n\t\t<\/div>\n\t\t\t\t<div class=\"elementor-column elementor-col-33 elementor-inner-column elementor-element elementor-element-c5079a9\" data-id=\"c5079a9\" data-element_type=\"column\" data-e-type=\"column\">\n\t\t\t<div class=\"elementor-widget-wrap elementor-element-populated\">\n\t\t\t\t\t\t<div class=\"elementor-element elementor-element-28295f1 elementor-widget__width-initial elementor-widget elementor-widget-text-editor\" data-id=\"28295f1\" data-element_type=\"widget\" data-e-type=\"widget\" data-widget_type=\"text-editor.default\">\n\t\t\t\t<div class=\"elementor-widget-container\">\n\t\t\t\t\t\t\t\t\t<p style=\"text-align: left; padding-left: 40px;\"><b>\u00bfPor qu\u00e9 reforestar?<\/b><\/p>\t\t\t\t\t\t\t\t<\/div>\n\t\t\t\t<\/div>\n\t\t\t\t<div class=\"elementor-element elementor-element-39e722e elementor-widget elementor-widget-text-editor\" data-id=\"39e722e\" data-element_type=\"widget\" data-e-type=\"widget\" data-widget_type=\"text-editor.default\">\n\t\t\t\t<div class=\"elementor-widget-container\">\n\t\t\t\t\t\t\t\t\t<p>La reforestaci\u00f3n es una herramienta esencial para la recuperaci\u00f3n de ecosistemas degradados, ya que ayuda a regular el ciclo del agua, a mitigar el cambio clim\u00e1tico y a conservar la biodiversidad. Adem\u00e1s, contribuye al desarrollo sostenible de la zona, mejorando las condiciones ambientales y socioecon\u00f3micas de la poblaci\u00f3n local y los municipios circundantes.<\/p>\t\t\t\t\t\t\t\t<\/div>\n\t\t\t\t<\/div>\n\t\t\t\t<div class=\"elementor-element elementor-element-f08c629 elementor-widget elementor-widget-text-editor\" data-id=\"f08c629\" data-element_type=\"widget\" data-e-type=\"widget\" data-widget_type=\"text-editor.default\">\n\t\t\t\t<div class=\"elementor-widget-container\">\n\t\t\t\t\t\t\t\t\t<p><b>\u00a0Sierra Bermeja 2023-2024<\/b><\/p>\t\t\t\t\t\t\t\t<\/div>\n\t\t\t\t<\/div>\n\t\t\t\t<div class=\"elementor-element elementor-element-1001324 elementor-widget elementor-widget-text-editor\" data-id=\"1001324\" data-element_type=\"widget\" data-e-type=\"widget\" data-widget_type=\"text-editor.default\">\n\t\t\t\t<div class=\"elementor-widget-container\">\n\t\t\t\t\t\t\t\t\t<p>El proyecto Cascos Verdes reforest\u00f3 y llev\u00f3 a cabo labores de mejora del entorno forestal con el \ufb01n de recuperar parte de la super\ufb01cie vegetal quemada en cuatro de los municipios m\u00e1s afectados por el incendio del 2021, Estepona, Casares, Genalguacil y J\u00fazcar.<\/p>\t\t\t\t\t\t\t\t<\/div>\n\t\t\t\t<\/div>\n\t\t\t\t\t<\/div>\n\t\t<\/div>\n\t\t\t\t\t<\/div>\n\t\t<\/section>\n\t\t\t\t<section class=\"elementor-section elementor-inner-section elementor-element elementor-element-1642e44 elementor-section-boxed elementor-section-height-default elementor-section-height-default\" data-id=\"1642e44\" data-element_type=\"section\" data-e-type=\"section\">\n\t\t\t\t\t\t<div class=\"elementor-container elementor-column-gap-default\">\n\t\t\t\t\t<div class=\"elementor-column elementor-col-100 elementor-inner-column elementor-element elementor-element-43543b7\" data-id=\"43543b7\" data-element_type=\"column\" data-e-type=\"column\">\n\t\t\t<div class=\"elementor-widget-wrap elementor-element-populated\">\n\t\t\t\t\t\t<div class=\"elementor-element elementor-element-faf7475 elementor-widget elementor-widget-image\" data-id=\"faf7475\" data-element_type=\"widget\" data-e-type=\"widget\" data-widget_type=\"image.default\">\n\t\t\t\t<div class=\"elementor-widget-container\">\n\t\t\t\t\t\t\t\t\t\t\t\t\t\t\t<img fetchpriority=\"high\" decoding=\"async\" width=\"800\" height=\"241\" src=\"data:image\/gif;base64,R0lGODlhAQABAIAAAAAAAP\/\/\/yH5BAEAAAAALAAAAAABAAEAAAIBRAA7\" data-src=\"https:\/\/loscascosverdes.org\/wp-content\/uploads\/2023\/07\/sierra-bermeja.png\" class=\"attachment-large size-large wp-image-2478 lazyload\" alt=\"sierra bermeja antes y despu\u00e9s del incendio\" data-srcset=\"https:\/\/loscascosverdes.org\/wp-content\/uploads\/2023\/07\/sierra-bermeja.png 927w, https:\/\/loscascosverdes.org\/wp-content\/uploads\/2023\/07\/sierra-bermeja-300x90.png 300w, https:\/\/loscascosverdes.org\/wp-content\/uploads\/2023\/07\/sierra-bermeja-768x231.png 768w\" sizes=\"(max-width: 800px) 100vw, 800px\" \/><noscript><img decoding=\"async\" width=\"800\" height=\"241\" src=\"https:\/\/loscascosverdes.org\/wp-content\/uploads\/2023\/07\/sierra-bermeja.png\" class=\"attachment-large size-large wp-image-2478 lazyload\" alt=\"sierra bermeja antes y despu\u00e9s del incendio\" srcset=\"https:\/\/loscascosverdes.org\/wp-content\/uploads\/2023\/07\/sierra-bermeja.png 927w, https:\/\/loscascosverdes.org\/wp-content\/uploads\/2023\/07\/sierra-bermeja-300x90.png 300w, https:\/\/loscascosverdes.org\/wp-content\/uploads\/2023\/07\/sierra-bermeja-768x231.png 768w\" sizes=\"(max-width: 800px) 100vw, 800px\" \/><\/noscript>\t\t\t\t\t\t\t\t\t\t\t\t\t\t\t<\/div>\n\t\t\t\t<\/div>\n\t\t\t\t\t<\/div>\n\t\t<\/div>\n\t\t\t\t\t<\/div>\n\t\t<\/section>\n\t\t\t\t\t<\/div>\n\t\t<\/div>\n\t\t\t\t\t<\/div>\n\t\t<\/section>\n\t\t\t\t<section class=\"elementor-section elementor-top-section elementor-element elementor-element-7322493 elementor-section-boxed elementor-section-height-default elementor-section-height-default\" data-id=\"7322493\" data-element_type=\"section\" data-e-type=\"section\">\n\t\t\t\t\t\t<div class=\"elementor-container elementor-column-gap-default\">\n\t\t\t\t\t<div class=\"elementor-column elementor-col-100 elementor-top-column elementor-element elementor-element-2bc0643\" data-id=\"2bc0643\" data-element_type=\"column\" data-e-type=\"column\">\n\t\t\t<div class=\"elementor-widget-wrap elementor-element-populated\">\n\t\t\t\t\t\t<div class=\"elementor-element elementor-element-bb0eddc elementor-widget elementor-widget-text-editor\" data-id=\"bb0eddc\" data-element_type=\"widget\" data-e-type=\"widget\" data-widget_type=\"text-editor.default\">\n\t\t\t\t<div class=\"elementor-widget-container\">\n\t\t\t\t\t\t\t\t\t<p><b>Incendio<\/b><\/p>\t\t\t\t\t\t\t\t<\/div>\n\t\t\t\t<\/div>\n\t\t\t\t<div class=\"elementor-element elementor-element-e85eeaf elementor-widget-divider--view-line elementor-widget elementor-widget-divider\" data-id=\"e85eeaf\" data-element_type=\"widget\" data-e-type=\"widget\" data-widget_type=\"divider.default\">\n\t\t\t\t<div class=\"elementor-widget-container\">\n\t\t\t\t\t\t\t<div class=\"elementor-divider\">\n\t\t\t<span class=\"elementor-divider-separator\">\n\t\t\t\t\t\t<\/span>\n\t\t<\/div>\n\t\t\t\t\t\t<\/div>\n\t\t\t\t<\/div>\n\t\t\t\t<section class=\"elementor-section elementor-inner-section elementor-element elementor-element-c84f2d3 elementor-section-boxed elementor-section-height-default elementor-section-height-default\" data-id=\"c84f2d3\" data-element_type=\"section\" data-e-type=\"section\">\n\t\t\t\t\t\t<div class=\"elementor-container elementor-column-gap-default\">\n\t\t\t\t\t<div class=\"elementor-column elementor-col-50 elementor-inner-column elementor-element elementor-element-df3be5f\" data-id=\"df3be5f\" data-element_type=\"column\" data-e-type=\"column\">\n\t\t\t<div class=\"elementor-widget-wrap elementor-element-populated\">\n\t\t\t\t\t\t<div class=\"elementor-element elementor-element-5225ee1 elementor-widget elementor-widget-image\" data-id=\"5225ee1\" data-element_type=\"widget\" data-e-type=\"widget\" data-widget_type=\"image.default\">\n\t\t\t\t<div class=\"elementor-widget-container\">\n\t\t\t\t\t\t\t\t\t\t\t\t\t\t\t<img decoding=\"async\" width=\"310\" height=\"381\" src=\"data:image\/gif;base64,R0lGODlhAQABAIAAAAAAAP\/\/\/yH5BAEAAAAALAAAAAABAAEAAAIBRAA7\" data-src=\"https:\/\/loscascosverdes.org\/wp-content\/uploads\/2023\/07\/incendio.png\" class=\"attachment-large size-large wp-image-2480 lazyload\" alt=\"ilustraci\u00f3n incendio\" data-srcset=\"https:\/\/loscascosverdes.org\/wp-content\/uploads\/2023\/07\/incendio.png 310w, https:\/\/loscascosverdes.org\/wp-content\/uploads\/2023\/07\/incendio-244x300.png 244w\" sizes=\"(max-width: 310px) 100vw, 310px\" \/><noscript><img loading=\"lazy\" decoding=\"async\" width=\"310\" height=\"381\" src=\"https:\/\/loscascosverdes.org\/wp-content\/uploads\/2023\/07\/incendio.png\" class=\"attachment-large size-large wp-image-2480 lazyload\" alt=\"ilustraci\u00f3n incendio\" srcset=\"https:\/\/loscascosverdes.org\/wp-content\/uploads\/2023\/07\/incendio.png 310w, https:\/\/loscascosverdes.org\/wp-content\/uploads\/2023\/07\/incendio-244x300.png 244w\" sizes=\"(max-width: 310px) 100vw, 310px\" \/><\/noscript>\t\t\t\t\t\t\t\t\t\t\t\t\t\t\t<\/div>\n\t\t\t\t<\/div>\n\t\t\t\t\t<\/div>\n\t\t<\/div>\n\t\t\t\t<div class=\"elementor-column elementor-col-50 elementor-inner-column elementor-element elementor-element-a71439c\" data-id=\"a71439c\" data-element_type=\"column\" data-e-type=\"column\">\n\t\t\t<div class=\"elementor-widget-wrap elementor-element-populated\">\n\t\t\t\t\t\t<div class=\"elementor-element elementor-element-c363308 elementor-widget elementor-widget-text-editor\" data-id=\"c363308\" data-element_type=\"widget\" data-e-type=\"widget\" data-widget_type=\"text-editor.default\">\n\t\t\t\t<div class=\"elementor-widget-container\">\n\t\t\t\t\t\t\t\t\t<p>El incendio del 2021 quem\u00f3 cerca de 10.000 hect\u00e1reas de matorral y arbolado en Sierra Bermeja. El paisaje qued\u00f3 completamente devastado por las llamas y afect\u00f3 directamente a su \ufb02ora y\u00a0 fauna. Espa\u00f1a es el pa\u00eds europeo m\u00e1s afectado por los incendios y Andaluc\u00eda ha sufrido en los \u00faltimos diecinueve a\u00f1os la p\u00e9rdida de un total de 421.373 Ha. a causa de las llamas, que suponen un 10% de la super\ufb01cie forestal.<\/p>\t\t\t\t\t\t\t\t<\/div>\n\t\t\t\t<\/div>\n\t\t\t\t\t<\/div>\n\t\t<\/div>\n\t\t\t\t\t<\/div>\n\t\t<\/section>\n\t\t\t\t\t<\/div>\n\t\t<\/div>\n\t\t\t\t\t<\/div>\n\t\t<\/section>\n\t\t\t\t<section class=\"elementor-section elementor-top-section elementor-element elementor-element-f96948e elementor-section-boxed elementor-section-height-default elementor-section-height-default\" data-id=\"f96948e\" data-element_type=\"section\" data-e-type=\"section\">\n\t\t\t\t\t\t<div class=\"elementor-container elementor-column-gap-default\">\n\t\t\t\t\t<div class=\"elementor-column elementor-col-100 elementor-top-column elementor-element elementor-element-0f64747\" data-id=\"0f64747\" data-element_type=\"column\" data-e-type=\"column\">\n\t\t\t<div class=\"elementor-widget-wrap elementor-element-populated\">\n\t\t\t\t\t\t<div class=\"elementor-element elementor-element-85aa72e elementor-widget elementor-widget-text-editor\" data-id=\"85aa72e\" data-element_type=\"widget\" data-e-type=\"widget\" data-widget_type=\"text-editor.default\">\n\t\t\t\t<div class=\"elementor-widget-container\">\n\t\t\t\t\t\t\t\t\t<p><b>Especies<\/b><\/p>\t\t\t\t\t\t\t\t<\/div>\n\t\t\t\t<\/div>\n\t\t\t\t<div class=\"elementor-element elementor-element-8193681 elementor-widget-divider--view-line elementor-widget elementor-widget-divider\" data-id=\"8193681\" data-element_type=\"widget\" data-e-type=\"widget\" data-widget_type=\"divider.default\">\n\t\t\t\t<div class=\"elementor-widget-container\">\n\t\t\t\t\t\t\t<div class=\"elementor-divider\">\n\t\t\t<span class=\"elementor-divider-separator\">\n\t\t\t\t\t\t<\/span>\n\t\t<\/div>\n\t\t\t\t\t\t<\/div>\n\t\t\t\t<\/div>\n\t\t\t\t<section class=\"elementor-section elementor-inner-section elementor-element elementor-element-1fac583 elementor-section-boxed elementor-section-height-default elementor-section-height-default\" data-id=\"1fac583\" data-element_type=\"section\" data-e-type=\"section\">\n\t\t\t\t\t\t<div class=\"elementor-container elementor-column-gap-default\">\n\t\t\t\t\t<div class=\"elementor-column elementor-col-50 elementor-inner-column elementor-element elementor-element-237b117\" data-id=\"237b117\" data-element_type=\"column\" data-e-type=\"column\">\n\t\t\t<div class=\"elementor-widget-wrap elementor-element-populated\">\n\t\t\t\t\t\t<div class=\"elementor-element elementor-element-3a48d00 elementor-widget elementor-widget-image\" data-id=\"3a48d00\" data-element_type=\"widget\" data-e-type=\"widget\" data-widget_type=\"image.default\">\n\t\t\t\t<div class=\"elementor-widget-container\">\n\t\t\t\t\t\t\t\t\t\t\t\t\t\t\t<img loading=\"lazy\" decoding=\"async\" width=\"340\" height=\"588\" src=\"data:image\/gif;base64,R0lGODlhAQABAIAAAAAAAP\/\/\/yH5BAEAAAAALAAAAAABAAEAAAIBRAA7\" data-src=\"https:\/\/loscascosverdes.org\/wp-content\/uploads\/2023\/07\/arbol.png\" class=\"attachment-large size-large wp-image-2479 lazyload\" alt=\"ilustraci\u00f3n \u00e1rbol\" data-srcset=\"https:\/\/loscascosverdes.org\/wp-content\/uploads\/2023\/07\/arbol.png 340w, https:\/\/loscascosverdes.org\/wp-content\/uploads\/2023\/07\/arbol-173x300.png 173w\" sizes=\"(max-width: 340px) 100vw, 340px\" \/><noscript><img loading=\"lazy\" decoding=\"async\" width=\"340\" height=\"588\" src=\"https:\/\/loscascosverdes.org\/wp-content\/uploads\/2023\/07\/arbol.png\" class=\"attachment-large size-large wp-image-2479 lazyload\" alt=\"ilustraci\u00f3n \u00e1rbol\" srcset=\"https:\/\/loscascosverdes.org\/wp-content\/uploads\/2023\/07\/arbol.png 340w, https:\/\/loscascosverdes.org\/wp-content\/uploads\/2023\/07\/arbol-173x300.png 173w\" sizes=\"(max-width: 340px) 100vw, 340px\" \/><\/noscript>\t\t\t\t\t\t\t\t\t\t\t\t\t\t\t<\/div>\n\t\t\t\t<\/div>\n\t\t\t\t\t<\/div>\n\t\t<\/div>\n\t\t\t\t<div class=\"elementor-column elementor-col-50 elementor-inner-column elementor-element elementor-element-41b106b\" data-id=\"41b106b\" data-element_type=\"column\" data-e-type=\"column\">\n\t\t\t<div class=\"elementor-widget-wrap elementor-element-populated\">\n\t\t\t\t\t\t<div class=\"elementor-element elementor-element-95c153d elementor-widget elementor-widget-text-editor\" data-id=\"95c153d\" data-element_type=\"widget\" data-e-type=\"widget\" data-widget_type=\"text-editor.default\">\n\t\t\t\t<div class=\"elementor-widget-container\">\n\t\t\t\t\t\t\t\t\t<p>El incendio que arras\u00f3 Sierra Bermeja en M\u00e1laga tuvo un impacto desolador en las especies vegetales de la zona. Estas especies tardar\u00e1n a\u00f1os, e incluso d\u00e9cadas, en recuperarse y regenerar los bosques que una vez dominaron el paisaje. Adem\u00e1s, numerosas plantas herb\u00e1ceas y arbustivas end\u00e9micas de la zona tambi\u00e9n fueron gravemente da\u00f1adas, poniendo en peligro su existencia y la diversidad bot\u00e1nica de la regi\u00f3n.<\/p>\t\t\t\t\t\t\t\t<\/div>\n\t\t\t\t<\/div>\n\t\t\t\t<div class=\"elementor-element elementor-element-3a7c195 elementor-widget elementor-widget-eael-adv-accordion\" data-id=\"3a7c195\" data-element_type=\"widget\" data-e-type=\"widget\" data-widget_type=\"eael-adv-accordion.default\">\n\t\t\t\t<div class=\"elementor-widget-container\">\n\t\t\t\t\t            <div class=\"eael-adv-accordion\" id=\"eael-adv-accordion-3a7c195\" data-scroll-on-click=\"no\" data-scroll-speed=\"300\" data-accordion-id=\"3a7c195\" data-accordion-type=\"accordion\" data-toogle-speed=\"300\">\n            <div class=\"eael-accordion-list\">\n\t\t\t\t\t<div id=\"mostrar-especies\" class=\"elementor-tab-title eael-accordion-header\" tabindex=\"0\" data-tab=\"1\" aria-controls=\"elementor-tab-content-6131\"><span class=\"eael-advanced-accordion-icon-closed\"><i aria-hidden=\"true\" class=\"fa-accordion-icon fas fa-plus\"><\/i><\/span><span class=\"eael-advanced-accordion-icon-opened\"><i aria-hidden=\"true\" class=\"fa-accordion-icon fas fa-minus\"><\/i><\/span><span class=\"eael-accordion-tab-title\">Mostrar especies<\/span><i aria-hidden=\"true\" class=\"fa-toggle fas fa-angle-right\"><\/i><\/div><div id=\"elementor-tab-content-6131\" class=\"eael-accordion-content clearfix\" data-tab=\"1\" aria-labelledby=\"mostrar-especies\"><style>.elementor-2596 .elementor-element.elementor-element-109ed360 > .elementor-element-populated{padding:30px 30px 30px 30px;}.elementor-2596 .elementor-element.elementor-element-5c3217bc{text-align:center;}.elementor-2596 .elementor-element.elementor-element-438c1cb9.elementor-position-right .elementor-image-box-img{margin-left:0px;}.elementor-2596 .elementor-element.elementor-element-438c1cb9.elementor-position-left .elementor-image-box-img{margin-right:0px;}.elementor-2596 .elementor-element.elementor-element-438c1cb9.elementor-position-top .elementor-image-box-img{margin-bottom:0px;}.elementor-2596 .elementor-element.elementor-element-438c1cb9 .elementor-image-box-wrapper .elementor-image-box-img{width:50%;}.elementor-2596 .elementor-element.elementor-element-438c1cb9 .elementor-image-box-img img{transition-duration:0.3s;}.elementor-2596 .elementor-element.elementor-element-56d77db.elementor-position-right .elementor-image-box-img{margin-left:0px;}.elementor-2596 .elementor-element.elementor-element-56d77db.elementor-position-left .elementor-image-box-img{margin-right:0px;}.elementor-2596 .elementor-element.elementor-element-56d77db.elementor-position-top .elementor-image-box-img{margin-bottom:0px;}.elementor-2596 .elementor-element.elementor-element-56d77db .elementor-image-box-wrapper .elementor-image-box-img{width:50%;}.elementor-2596 .elementor-element.elementor-element-56d77db .elementor-image-box-img img{transition-duration:0.3s;}.elementor-2596 .elementor-element.elementor-element-783aba8f.elementor-position-right .elementor-image-box-img{margin-left:0px;}.elementor-2596 .elementor-element.elementor-element-783aba8f.elementor-position-left .elementor-image-box-img{margin-right:0px;}.elementor-2596 .elementor-element.elementor-element-783aba8f.elementor-position-top .elementor-image-box-img{margin-bottom:0px;}.elementor-2596 .elementor-element.elementor-element-783aba8f .elementor-image-box-wrapper .elementor-image-box-img{width:50%;}.elementor-2596 .elementor-element.elementor-element-783aba8f .elementor-image-box-img img{transition-duration:0.3s;}.elementor-2596 .elementor-element.elementor-element-4b48d723.elementor-position-right .elementor-image-box-img{margin-left:0px;}.elementor-2596 .elementor-element.elementor-element-4b48d723.elementor-position-left .elementor-image-box-img{margin-right:0px;}.elementor-2596 .elementor-element.elementor-element-4b48d723.elementor-position-top .elementor-image-box-img{margin-bottom:0px;}.elementor-2596 .elementor-element.elementor-element-4b48d723 .elementor-image-box-wrapper .elementor-image-box-img{width:50%;}.elementor-2596 .elementor-element.elementor-element-4b48d723 .elementor-image-box-img img{transition-duration:0.3s;}.elementor-2596 .elementor-element.elementor-element-4441e0e > .elementor-element-populated{padding:30px 30px 30px 30px;}.elementor-2596 .elementor-element.elementor-element-300d7051{text-align:center;}.elementor-2596 .elementor-element.elementor-element-2ba56d6e.elementor-position-right .elementor-image-box-img{margin-left:0px;}.elementor-2596 .elementor-element.elementor-element-2ba56d6e.elementor-position-left .elementor-image-box-img{margin-right:0px;}.elementor-2596 .elementor-element.elementor-element-2ba56d6e.elementor-position-top .elementor-image-box-img{margin-bottom:0px;}.elementor-2596 .elementor-element.elementor-element-2ba56d6e .elementor-image-box-wrapper .elementor-image-box-img{width:50%;}.elementor-2596 .elementor-element.elementor-element-2ba56d6e .elementor-image-box-img img{transition-duration:0.3s;}.elementor-2596 .elementor-element.elementor-element-ec28bb3.elementor-position-right .elementor-image-box-img{margin-left:0px;}.elementor-2596 .elementor-element.elementor-element-ec28bb3.elementor-position-left .elementor-image-box-img{margin-right:0px;}.elementor-2596 .elementor-element.elementor-element-ec28bb3.elementor-position-top .elementor-image-box-img{margin-bottom:0px;}.elementor-2596 .elementor-element.elementor-element-ec28bb3 .elementor-image-box-wrapper .elementor-image-box-img{width:50%;}.elementor-2596 .elementor-element.elementor-element-ec28bb3 .elementor-image-box-img img{transition-duration:0.3s;}.elementor-2596 .elementor-element.elementor-element-b9ba031.elementor-position-right .elementor-image-box-img{margin-left:0px;}.elementor-2596 .elementor-element.elementor-element-b9ba031.elementor-position-left .elementor-image-box-img{margin-right:0px;}.elementor-2596 .elementor-element.elementor-element-b9ba031.elementor-position-top .elementor-image-box-img{margin-bottom:0px;}.elementor-2596 .elementor-element.elementor-element-b9ba031 .elementor-image-box-wrapper .elementor-image-box-img{width:50%;}.elementor-2596 .elementor-element.elementor-element-b9ba031 .elementor-image-box-img img{transition-duration:0.3s;}.elementor-2596 .elementor-element.elementor-element-98ce618.elementor-position-right .elementor-image-box-img{margin-left:0px;}.elementor-2596 .elementor-element.elementor-element-98ce618.elementor-position-left .elementor-image-box-img{margin-right:0px;}.elementor-2596 .elementor-element.elementor-element-98ce618.elementor-position-top .elementor-image-box-img{margin-bottom:0px;}.elementor-2596 .elementor-element.elementor-element-98ce618 .elementor-image-box-wrapper .elementor-image-box-img{width:50%;}.elementor-2596 .elementor-element.elementor-element-98ce618 .elementor-image-box-img img{transition-duration:0.3s;}.elementor-2596 .elementor-element.elementor-element-1caa341c > .elementor-element-populated{padding:30px 30px 30px 30px;}.elementor-2596 .elementor-element.elementor-element-20de9fbb{text-align:center;}.elementor-2596 .elementor-element.elementor-element-29f996e5.elementor-position-right .elementor-image-box-img{margin-left:0px;}.elementor-2596 .elementor-element.elementor-element-29f996e5.elementor-position-left .elementor-image-box-img{margin-right:0px;}.elementor-2596 .elementor-element.elementor-element-29f996e5.elementor-position-top .elementor-image-box-img{margin-bottom:0px;}.elementor-2596 .elementor-element.elementor-element-29f996e5 .elementor-image-box-wrapper .elementor-image-box-img{width:50%;}.elementor-2596 .elementor-element.elementor-element-29f996e5 .elementor-image-box-img img{transition-duration:0.3s;}.elementor-2596 .elementor-element.elementor-element-4d5c5bca.elementor-position-right .elementor-image-box-img{margin-left:0px;}.elementor-2596 .elementor-element.elementor-element-4d5c5bca.elementor-position-left .elementor-image-box-img{margin-right:0px;}.elementor-2596 .elementor-element.elementor-element-4d5c5bca.elementor-position-top .elementor-image-box-img{margin-bottom:0px;}.elementor-2596 .elementor-element.elementor-element-4d5c5bca .elementor-image-box-wrapper .elementor-image-box-img{width:50%;}.elementor-2596 .elementor-element.elementor-element-4d5c5bca .elementor-image-box-img img{transition-duration:0.3s;}.elementor-2596 .elementor-element.elementor-element-6ff2e587.elementor-position-right .elementor-image-box-img{margin-left:0px;}.elementor-2596 .elementor-element.elementor-element-6ff2e587.elementor-position-left .elementor-image-box-img{margin-right:0px;}.elementor-2596 .elementor-element.elementor-element-6ff2e587.elementor-position-top .elementor-image-box-img{margin-bottom:0px;}.elementor-2596 .elementor-element.elementor-element-6ff2e587 .elementor-image-box-wrapper .elementor-image-box-img{width:50%;}.elementor-2596 .elementor-element.elementor-element-6ff2e587 .elementor-image-box-img img{transition-duration:0.3s;}@media(max-width:767px){.elementor-2596 .elementor-element.elementor-element-438c1cb9 .elementor-image-box-img{margin-bottom:0px;}.elementor-2596 .elementor-element.elementor-element-56d77db .elementor-image-box-img{margin-bottom:0px;}.elementor-2596 .elementor-element.elementor-element-783aba8f .elementor-image-box-img{margin-bottom:0px;}.elementor-2596 .elementor-element.elementor-element-4b48d723 .elementor-image-box-img{margin-bottom:0px;}.elementor-2596 .elementor-element.elementor-element-2ba56d6e .elementor-image-box-img{margin-bottom:0px;}.elementor-2596 .elementor-element.elementor-element-ec28bb3 .elementor-image-box-img{margin-bottom:0px;}.elementor-2596 .elementor-element.elementor-element-b9ba031 .elementor-image-box-img{margin-bottom:0px;}.elementor-2596 .elementor-element.elementor-element-98ce618 .elementor-image-box-img{margin-bottom:0px;}.elementor-2596 .elementor-element.elementor-element-29f996e5 .elementor-image-box-img{margin-bottom:0px;}.elementor-2596 .elementor-element.elementor-element-4d5c5bca .elementor-image-box-img{margin-bottom:0px;}.elementor-2596 .elementor-element.elementor-element-6ff2e587 .elementor-image-box-img{margin-bottom:0px;}}<\/style>\t\t<div data-elementor-type=\"section\" data-elementor-id=\"2596\" class=\"elementor elementor-2596\" data-elementor-post-type=\"elementor_library\">\n\t\t\t\t\t<section class=\"elementor-section elementor-inner-section elementor-element elementor-element-457d38f1 row1 row elementor-section-boxed elementor-section-height-default elementor-section-height-default\" data-id=\"457d38f1\" data-element_type=\"section\" data-e-type=\"section\">\n\t\t\t\t\t\t<div class=\"elementor-container elementor-column-gap-default\">\n\t\t\t\t\t<div class=\"elementor-column elementor-col-33 elementor-inner-column elementor-element elementor-element-109ed360\" data-id=\"109ed360\" data-element_type=\"column\" data-e-type=\"column\">\n\t\t\t<div class=\"elementor-widget-wrap elementor-element-populated\">\n\t\t\t\t\t\t<div class=\"elementor-element elementor-element-438c1cb9 elementor-position-top elementor-widget elementor-widget-image-box\" data-id=\"438c1cb9\" data-element_type=\"widget\" data-e-type=\"widget\" data-widget_type=\"image-box.default\">\n\t\t\t\t<div class=\"elementor-widget-container\">\n\t\t\t\t\t<div class=\"elementor-image-box-wrapper\"><figure class=\"elementor-image-box-img\"><img loading=\"lazy\" decoding=\"async\" width=\"321\" height=\"321\" src=\"data:image\/gif;base64,R0lGODlhAQABAIAAAAAAAP\/\/\/yH5BAEAAAAALAAAAAABAAEAAAIBRAA7\" data-src=\"https:\/\/loscascosverdes.org\/wp-content\/uploads\/2023\/07\/algarrobo.png\" class=\"attachment-full size-full wp-image-2525 lazyload\" alt=\"algarrobo\" \/><noscript><img loading=\"lazy\" decoding=\"async\" width=\"321\" height=\"321\" src=\"https:\/\/loscascosverdes.org\/wp-content\/uploads\/2023\/07\/algarrobo.png\" class=\"attachment-full size-full wp-image-2525 lazyload\" alt=\"algarrobo\" srcset=\"https:\/\/loscascosverdes.org\/wp-content\/uploads\/2023\/07\/algarrobo.png 321w, https:\/\/loscascosverdes.org\/wp-content\/uploads\/2023\/07\/algarrobo-300x300.png 300w, https:\/\/loscascosverdes.org\/wp-content\/uploads\/2023\/07\/algarrobo-150x150.png 150w\" sizes=\"(max-width: 321px) 100vw, 321px\" \/><\/noscript><\/figure><div class=\"elementor-image-box-content\"><h3 class=\"elementor-image-box-title\">Algarrobo (Ceratonia siliqua)<\/h3><p class=\"elementor-image-box-description\">Este \u00e1rbol mediterr\u00e1neo es conocido por sus sabrosas vainas comestibles, pero tambi\u00e9n por su capacidad para \ufb01jar el nitr\u00f3geno en el suelo y su resistencia a la sequ\u00eda. \u00a1Un verdadero todoterreno!<\/p><\/div><\/div>\t\t\t\t<\/div>\n\t\t\t\t<\/div>\n\t\t\t\t<div class=\"elementor-element elementor-element-56d77db elementor-position-top elementor-widget elementor-widget-image-box\" data-id=\"56d77db\" data-element_type=\"widget\" data-e-type=\"widget\" data-widget_type=\"image-box.default\">\n\t\t\t\t<div class=\"elementor-widget-container\">\n\t\t\t\t\t<div class=\"elementor-image-box-wrapper\"><figure class=\"elementor-image-box-img\"><img loading=\"lazy\" decoding=\"async\" width=\"300\" height=\"300\" src=\"data:image\/gif;base64,R0lGODlhAQABAIAAAAAAAP\/\/\/yH5BAEAAAAALAAAAAABAAEAAAIBRAA7\" data-src=\"https:\/\/loscascosverdes.org\/wp-content\/uploads\/2023\/07\/madrono.png\" class=\"attachment-full size-full wp-image-2514 lazyload\" alt=\"Madro\u00f1o\" \/><noscript><img loading=\"lazy\" decoding=\"async\" width=\"300\" height=\"300\" src=\"https:\/\/loscascosverdes.org\/wp-content\/uploads\/2023\/07\/madrono.png\" class=\"attachment-full size-full wp-image-2514 lazyload\" alt=\"Madro\u00f1o\" srcset=\"https:\/\/loscascosverdes.org\/wp-content\/uploads\/2023\/07\/madrono.png 300w, https:\/\/loscascosverdes.org\/wp-content\/uploads\/2023\/07\/madrono-150x150.png 150w\" sizes=\"(max-width: 300px) 100vw, 300px\" \/><\/noscript><\/figure><div class=\"elementor-image-box-content\"><h3 class=\"elementor-image-box-title\">Madro\u00f1o (Arbutus unedo)<\/h3><p class=\"elementor-image-box-description\">El madro\u00f1o es un \u00e1rbol mediterr\u00e1neo con una fruta roja y rugosa que es un verdadero deleite para la vista y el paladar. Adem\u00e1s de ser muy apreciado en la gastronom\u00eda local, el madro\u00f1o es un gran aliado para la restauraci\u00f3n de ecosistemas forestales.<\/p><\/div><\/div>\t\t\t\t<\/div>\n\t\t\t\t<\/div>\n\t\t\t\t<div class=\"elementor-element elementor-element-783aba8f elementor-position-top elementor-widget elementor-widget-image-box\" data-id=\"783aba8f\" data-element_type=\"widget\" data-e-type=\"widget\" data-widget_type=\"image-box.default\">\n\t\t\t\t<div class=\"elementor-widget-container\">\n\t\t\t\t\t<div class=\"elementor-image-box-wrapper\"><figure class=\"elementor-image-box-img\"><img loading=\"lazy\" decoding=\"async\" width=\"300\" height=\"300\" src=\"data:image\/gif;base64,R0lGODlhAQABAIAAAAAAAP\/\/\/yH5BAEAAAAALAAAAAABAAEAAAIBRAA7\" data-src=\"https:\/\/loscascosverdes.org\/wp-content\/uploads\/2023\/07\/cedro.png\" class=\"attachment-full size-full wp-image-2515 lazyload\" alt=\"Cedro\" \/><noscript><img loading=\"lazy\" decoding=\"async\" width=\"300\" height=\"300\" src=\"https:\/\/loscascosverdes.org\/wp-content\/uploads\/2023\/07\/cedro.png\" class=\"attachment-full size-full wp-image-2515 lazyload\" alt=\"Cedro\" srcset=\"https:\/\/loscascosverdes.org\/wp-content\/uploads\/2023\/07\/cedro.png 300w, https:\/\/loscascosverdes.org\/wp-content\/uploads\/2023\/07\/cedro-150x150.png 150w\" sizes=\"(max-width: 300px) 100vw, 300px\" \/><\/noscript><\/figure><div class=\"elementor-image-box-content\"><h3 class=\"elementor-image-box-title\">Cedro (Cedrus atl\u00e1ntica)<\/h3><p class=\"elementor-image-box-description\">El majestuoso cedro es un \u00e1rbol de gran porte y follaje denso, conocido por su madera resistente y su aroma embriagador. Adem\u00e1s, es capaz de \ufb01jar grandes cantidades de CO2 en su tronco y ramas.<\/p><\/div><\/div>\t\t\t\t<\/div>\n\t\t\t\t<\/div>\n\t\t\t\t<div class=\"elementor-element elementor-element-4b48d723 elementor-position-top elementor-widget elementor-widget-image-box\" data-id=\"4b48d723\" data-element_type=\"widget\" data-e-type=\"widget\" data-widget_type=\"image-box.default\">\n\t\t\t\t<div class=\"elementor-widget-container\">\n\t\t\t\t\t<div class=\"elementor-image-box-wrapper\"><figure class=\"elementor-image-box-img\"><img loading=\"lazy\" decoding=\"async\" width=\"300\" height=\"300\" src=\"data:image\/gif;base64,R0lGODlhAQABAIAAAAAAAP\/\/\/yH5BAEAAAAALAAAAAABAAEAAAIBRAA7\" data-src=\"https:\/\/loscascosverdes.org\/wp-content\/uploads\/2023\/07\/pino-negral.png\" class=\"attachment-full size-full wp-image-2517 lazyload\" alt=\"Pino negral\" \/><noscript><img loading=\"lazy\" decoding=\"async\" width=\"300\" height=\"300\" src=\"https:\/\/loscascosverdes.org\/wp-content\/uploads\/2023\/07\/pino-negral.png\" class=\"attachment-full size-full wp-image-2517 lazyload\" alt=\"Pino negral\" srcset=\"https:\/\/loscascosverdes.org\/wp-content\/uploads\/2023\/07\/pino-negral.png 300w, https:\/\/loscascosverdes.org\/wp-content\/uploads\/2023\/07\/pino-negral-150x150.png 150w\" sizes=\"(max-width: 300px) 100vw, 300px\" \/><\/noscript><\/figure><div class=\"elementor-image-box-content\"><h3 class=\"elementor-image-box-title\">Pino negral (Pinus pinaster)<\/h3><p class=\"elementor-image-box-description\">El pino negral es una especie de pino que se encuentra com\u00fanmente en el litoral mediterr\u00e1neo. Con su corteza gruesa y sus ac\u00edculas largas y \ufb02exibles, es capaz de resistir la sequ\u00eda y los incendios forestales.<\/p><\/div><\/div>\t\t\t\t<\/div>\n\t\t\t\t<\/div>\n\t\t\t\t\t<\/div>\n\t\t<\/div>\n\t\t\t\t<div class=\"elementor-column elementor-col-33 elementor-inner-column elementor-element elementor-element-4441e0e\" data-id=\"4441e0e\" data-element_type=\"column\" data-e-type=\"column\">\n\t\t\t<div class=\"elementor-widget-wrap elementor-element-populated\">\n\t\t\t\t\t\t<div class=\"elementor-element elementor-element-2ba56d6e elementor-position-top elementor-widget elementor-widget-image-box\" data-id=\"2ba56d6e\" data-element_type=\"widget\" data-e-type=\"widget\" data-widget_type=\"image-box.default\">\n\t\t\t\t<div class=\"elementor-widget-container\">\n\t\t\t\t\t<div class=\"elementor-image-box-wrapper\"><figure class=\"elementor-image-box-img\"><img loading=\"lazy\" decoding=\"async\" width=\"300\" height=\"300\" src=\"data:image\/gif;base64,R0lGODlhAQABAIAAAAAAAP\/\/\/yH5BAEAAAAALAAAAAABAAEAAAIBRAA7\" data-src=\"https:\/\/loscascosverdes.org\/wp-content\/uploads\/2023\/07\/pinsapo.png\" class=\"attachment-full size-full wp-image-2524 lazyload\" alt=\"pinsapo\" \/><noscript><img loading=\"lazy\" decoding=\"async\" width=\"300\" height=\"300\" src=\"https:\/\/loscascosverdes.org\/wp-content\/uploads\/2023\/07\/pinsapo.png\" class=\"attachment-full size-full wp-image-2524 lazyload\" alt=\"pinsapo\" srcset=\"https:\/\/loscascosverdes.org\/wp-content\/uploads\/2023\/07\/pinsapo.png 300w, https:\/\/loscascosverdes.org\/wp-content\/uploads\/2023\/07\/pinsapo-150x150.png 150w\" sizes=\"(max-width: 300px) 100vw, 300px\" \/><\/noscript><\/figure><div class=\"elementor-image-box-content\"><h3 class=\"elementor-image-box-title\">Pinsapo (Abies pinsapo)<\/h3><p class=\"elementor-image-box-description\">El pinsapo es un \u00e1rbol de hoja perenne que se encuentra exclusivamente en las monta\u00f1as del sur de Espa\u00f1a. Con su porte elegante y su follaje espeso y denso, es una especie \u00fanica y muy valiosa.<\/p><\/div><\/div>\t\t\t\t<\/div>\n\t\t\t\t<\/div>\n\t\t\t\t<div class=\"elementor-element elementor-element-ec28bb3 elementor-position-top elementor-widget elementor-widget-image-box\" data-id=\"ec28bb3\" data-element_type=\"widget\" data-e-type=\"widget\" data-widget_type=\"image-box.default\">\n\t\t\t\t<div class=\"elementor-widget-container\">\n\t\t\t\t\t<div class=\"elementor-image-box-wrapper\"><figure class=\"elementor-image-box-img\"><img loading=\"lazy\" decoding=\"async\" width=\"300\" height=\"300\" src=\"data:image\/gif;base64,R0lGODlhAQABAIAAAAAAAP\/\/\/yH5BAEAAAAALAAAAAABAAEAAAIBRAA7\" data-src=\"https:\/\/loscascosverdes.org\/wp-content\/uploads\/2023\/07\/jara-blanca.png\" class=\"attachment-full size-full wp-image-2518 lazyload\" alt=\"Jara blanca\" \/><noscript><img loading=\"lazy\" decoding=\"async\" width=\"300\" height=\"300\" src=\"https:\/\/loscascosverdes.org\/wp-content\/uploads\/2023\/07\/jara-blanca.png\" class=\"attachment-full size-full wp-image-2518 lazyload\" alt=\"Jara blanca\" srcset=\"https:\/\/loscascosverdes.org\/wp-content\/uploads\/2023\/07\/jara-blanca.png 300w, https:\/\/loscascosverdes.org\/wp-content\/uploads\/2023\/07\/jara-blanca-150x150.png 150w\" sizes=\"(max-width: 300px) 100vw, 300px\" \/><\/noscript><\/figure><div class=\"elementor-image-box-content\"><h3 class=\"elementor-image-box-title\">Jara blanca (Cistus albidus)<\/h3><p class=\"elementor-image-box-description\">La jara blanca es un arbusto mediterr\u00e1neo que se encuentra com\u00fanmente en suelos pobres y secos. Con sus \ufb02ores lilas y sus hojas aterciopeladas, es una especie importante en la regeneraci\u00f3n de suelos degradados.<\/p><\/div><\/div>\t\t\t\t<\/div>\n\t\t\t\t<\/div>\n\t\t\t\t<div class=\"elementor-element elementor-element-b9ba031 elementor-position-top elementor-widget elementor-widget-image-box\" data-id=\"b9ba031\" data-element_type=\"widget\" data-e-type=\"widget\" data-widget_type=\"image-box.default\">\n\t\t\t\t<div class=\"elementor-widget-container\">\n\t\t\t\t\t<div class=\"elementor-image-box-wrapper\"><figure class=\"elementor-image-box-img\"><img loading=\"lazy\" decoding=\"async\" width=\"300\" height=\"300\" src=\"data:image\/gif;base64,R0lGODlhAQABAIAAAAAAAP\/\/\/yH5BAEAAAAALAAAAAABAAEAAAIBRAA7\" data-src=\"https:\/\/loscascosverdes.org\/wp-content\/uploads\/2023\/07\/quejigo.png\" class=\"attachment-full size-full wp-image-2521 lazyload\" alt=\"Quejigo\" \/><noscript><img loading=\"lazy\" decoding=\"async\" width=\"300\" height=\"300\" src=\"https:\/\/loscascosverdes.org\/wp-content\/uploads\/2023\/07\/quejigo.png\" class=\"attachment-full size-full wp-image-2521 lazyload\" alt=\"Quejigo\" srcset=\"https:\/\/loscascosverdes.org\/wp-content\/uploads\/2023\/07\/quejigo.png 300w, https:\/\/loscascosverdes.org\/wp-content\/uploads\/2023\/07\/quejigo-150x150.png 150w\" sizes=\"(max-width: 300px) 100vw, 300px\" \/><\/noscript><\/figure><div class=\"elementor-image-box-content\"><h3 class=\"elementor-image-box-title\">Quejigo (Quercus faginea)<\/h3><p class=\"elementor-image-box-description\">Con su corteza gruesa y su follaje denso y sombr\u00edo, el quejigo es un \u00e1rbol robusto que puede crecer en suelos pobres y rocosos, y proporciona refugio y alimento a una amplia variedad de fauna.<\/p><\/div><\/div>\t\t\t\t<\/div>\n\t\t\t\t<\/div>\n\t\t\t\t<div class=\"elementor-element elementor-element-98ce618 elementor-position-top elementor-widget elementor-widget-image-box\" data-id=\"98ce618\" data-element_type=\"widget\" data-e-type=\"widget\" data-widget_type=\"image-box.default\">\n\t\t\t\t<div class=\"elementor-widget-container\">\n\t\t\t\t\t<div class=\"elementor-image-box-wrapper\"><figure class=\"elementor-image-box-img\"><img loading=\"lazy\" decoding=\"async\" width=\"300\" height=\"300\" src=\"data:image\/gif;base64,R0lGODlhAQABAIAAAAAAAP\/\/\/yH5BAEAAAAALAAAAAABAAEAAAIBRAA7\" data-src=\"https:\/\/loscascosverdes.org\/wp-content\/uploads\/2023\/07\/mirto.png\" class=\"attachment-full size-full wp-image-2522 lazyload\" alt=\"mirto\" \/><noscript><img loading=\"lazy\" decoding=\"async\" width=\"300\" height=\"300\" src=\"https:\/\/loscascosverdes.org\/wp-content\/uploads\/2023\/07\/mirto.png\" class=\"attachment-full size-full wp-image-2522 lazyload\" alt=\"mirto\" srcset=\"https:\/\/loscascosverdes.org\/wp-content\/uploads\/2023\/07\/mirto.png 300w, https:\/\/loscascosverdes.org\/wp-content\/uploads\/2023\/07\/mirto-150x150.png 150w\" sizes=\"(max-width: 300px) 100vw, 300px\" \/><\/noscript><\/figure><div class=\"elementor-image-box-content\"><h3 class=\"elementor-image-box-title\">Mirto o Array\u00e1n (Myrtus communis)<\/h3><p class=\"elementor-image-box-description\">El mirto es un arbusto arom\u00e1tico de hoja perenne que se encuentra com\u00fanmente en la regi\u00f3n mediterr\u00e1nea. Con sus hojas fragantes y sus peque\u00f1as bayas dulces, es una especie popular en la cocina y en la medicina tradicional.<\/p><\/div><\/div>\t\t\t\t<\/div>\n\t\t\t\t<\/div>\n\t\t\t\t\t<\/div>\n\t\t<\/div>\n\t\t\t\t<div class=\"elementor-column elementor-col-33 elementor-inner-column elementor-element elementor-element-1caa341c\" data-id=\"1caa341c\" data-element_type=\"column\" data-e-type=\"column\">\n\t\t\t<div class=\"elementor-widget-wrap elementor-element-populated\">\n\t\t\t\t\t\t<div class=\"elementor-element elementor-element-29f996e5 elementor-position-top elementor-widget elementor-widget-image-box\" data-id=\"29f996e5\" data-element_type=\"widget\" data-e-type=\"widget\" data-widget_type=\"image-box.default\">\n\t\t\t\t<div class=\"elementor-widget-container\">\n\t\t\t\t\t<div class=\"elementor-image-box-wrapper\"><figure class=\"elementor-image-box-img\"><img loading=\"lazy\" decoding=\"async\" width=\"300\" height=\"300\" src=\"data:image\/gif;base64,R0lGODlhAQABAIAAAAAAAP\/\/\/yH5BAEAAAAALAAAAAABAAEAAAIBRAA7\" data-src=\"https:\/\/loscascosverdes.org\/wp-content\/uploads\/2023\/07\/alcornoque.png\" class=\"attachment-full size-full wp-image-2523 lazyload\" alt=\"\" \/><noscript><img loading=\"lazy\" decoding=\"async\" width=\"300\" height=\"300\" src=\"https:\/\/loscascosverdes.org\/wp-content\/uploads\/2023\/07\/alcornoque.png\" class=\"attachment-full size-full wp-image-2523 lazyload\" alt=\"\" srcset=\"https:\/\/loscascosverdes.org\/wp-content\/uploads\/2023\/07\/alcornoque.png 300w, https:\/\/loscascosverdes.org\/wp-content\/uploads\/2023\/07\/alcornoque-150x150.png 150w\" sizes=\"(max-width: 300px) 100vw, 300px\" \/><\/noscript><\/figure><div class=\"elementor-image-box-content\"><h3 class=\"elementor-image-box-title\">Alcornoque (Quercus suber)<\/h3><p class=\"elementor-image-box-description\">El majestuoso alcornoque es uno de los \u00e1rboles m\u00e1s emblem\u00e1ticos de la pen\u00ednsula ib\u00e9rica, conocido por su corteza corchosa y su capacidad para almacenar grandes cantidades de CO2 en sus hojas y ramas.<\/p><\/div><\/div>\t\t\t\t<\/div>\n\t\t\t\t<\/div>\n\t\t\t\t<div class=\"elementor-element elementor-element-4d5c5bca elementor-position-top elementor-widget elementor-widget-image-box\" data-id=\"4d5c5bca\" data-element_type=\"widget\" data-e-type=\"widget\" data-widget_type=\"image-box.default\">\n\t\t\t\t<div class=\"elementor-widget-container\">\n\t\t\t\t\t<div class=\"elementor-image-box-wrapper\"><figure class=\"elementor-image-box-img\"><img loading=\"lazy\" decoding=\"async\" width=\"300\" height=\"300\" src=\"data:image\/gif;base64,R0lGODlhAQABAIAAAAAAAP\/\/\/yH5BAEAAAAALAAAAAABAAEAAAIBRAA7\" data-src=\"https:\/\/loscascosverdes.org\/wp-content\/uploads\/2023\/07\/lentisco.png\" class=\"attachment-full size-full wp-image-2520 lazyload\" alt=\"Lentisco\" \/><noscript><img loading=\"lazy\" decoding=\"async\" width=\"300\" height=\"300\" src=\"https:\/\/loscascosverdes.org\/wp-content\/uploads\/2023\/07\/lentisco.png\" class=\"attachment-full size-full wp-image-2520 lazyload\" alt=\"Lentisco\" srcset=\"https:\/\/loscascosverdes.org\/wp-content\/uploads\/2023\/07\/lentisco.png 300w, https:\/\/loscascosverdes.org\/wp-content\/uploads\/2023\/07\/lentisco-150x150.png 150w\" sizes=\"(max-width: 300px) 100vw, 300px\" \/><\/noscript><\/figure><div class=\"elementor-image-box-content\"><h3 class=\"elementor-image-box-title\">Lentisco (Pistacia lentiscus)<\/h3><p class=\"elementor-image-box-description\">El lentisco es un arbusto siempre verde que se encuentra com\u00fanmente en el Mediterr\u00e1neo. Con su porte frondoso y sus drupas rojas, es una especie valorada porque ofrece cobijo y alimento a muchas especies animales.<\/p><\/div><\/div>\t\t\t\t<\/div>\n\t\t\t\t<\/div>\n\t\t\t\t<div class=\"elementor-element elementor-element-6ff2e587 elementor-position-top elementor-widget elementor-widget-image-box\" data-id=\"6ff2e587\" data-element_type=\"widget\" data-e-type=\"widget\" data-widget_type=\"image-box.default\">\n\t\t\t\t<div class=\"elementor-widget-container\">\n\t\t\t\t\t<div class=\"elementor-image-box-wrapper\"><figure class=\"elementor-image-box-img\"><img loading=\"lazy\" decoding=\"async\" width=\"300\" height=\"300\" src=\"data:image\/gif;base64,R0lGODlhAQABAIAAAAAAAP\/\/\/yH5BAEAAAAALAAAAAABAAEAAAIBRAA7\" data-src=\"https:\/\/loscascosverdes.org\/wp-content\/uploads\/2023\/07\/olivilla.png\" class=\"attachment-full size-full wp-image-2516 lazyload\" alt=\"Olivilla\" \/><noscript><img loading=\"lazy\" decoding=\"async\" width=\"300\" height=\"300\" src=\"https:\/\/loscascosverdes.org\/wp-content\/uploads\/2023\/07\/olivilla.png\" class=\"attachment-full size-full wp-image-2516 lazyload\" alt=\"Olivilla\" srcset=\"https:\/\/loscascosverdes.org\/wp-content\/uploads\/2023\/07\/olivilla.png 300w, https:\/\/loscascosverdes.org\/wp-content\/uploads\/2023\/07\/olivilla-150x150.png 150w\" sizes=\"(max-width: 300px) 100vw, 300px\" \/><\/noscript><\/figure><div class=\"elementor-image-box-content\"><h3 class=\"elementor-image-box-title\">Olivilla (Phyllerea angustifolia)<\/h3><p class=\"elementor-image-box-description\">La olivilla es un arbusto siempre verde que se encuentra com\u00fanmente en el Mediterr\u00e1neo. Con sus hojas \ufb01nas y sus peque\u00f1as bayas moradas, es una especie valorada por sus propiedades medicinales y su capacidad para resistir al fr\u00edo y la sequ\u00eda.<\/p><\/div><\/div>\t\t\t\t<\/div>\n\t\t\t\t<\/div>\n\t\t\t\t\t<\/div>\n\t\t<\/div>\n\t\t\t\t\t<\/div>\n\t\t<\/section>\n\t\t\t\t<\/div>\n\t\t<\/div>\n\t\t\t\t\t<\/div><\/div>\t\t\t\t<\/div>\n\t\t\t\t<\/div>\n\t\t\t\t\t<\/div>\n\t\t<\/div>\n\t\t\t\t\t<\/div>\n\t\t<\/section>\n\t\t\t\t\t<\/div>\n\t\t<\/div>\n\t\t\t\t\t<\/div>\n\t\t<\/section>\n\t\t\t\t<section class=\"elementor-section elementor-top-section elementor-element elementor-element-3c88d88 elementor-section-boxed elementor-section-height-default elementor-section-height-default\" data-id=\"3c88d88\" data-element_type=\"section\" data-e-type=\"section\">\n\t\t\t\t\t\t<div class=\"elementor-container elementor-column-gap-default\">\n\t\t\t\t\t<div class=\"elementor-column elementor-col-100 elementor-top-column elementor-element elementor-element-4962407\" data-id=\"4962407\" data-element_type=\"column\" data-e-type=\"column\">\n\t\t\t<div class=\"elementor-widget-wrap elementor-element-populated\">\n\t\t\t\t\t\t<div class=\"elementor-element elementor-element-32df868 elementor-widget elementor-widget-text-editor\" data-id=\"32df868\" data-element_type=\"widget\" data-e-type=\"widget\" data-widget_type=\"text-editor.default\">\n\t\t\t\t<div class=\"elementor-widget-container\">\n\t\t\t\t\t\t\t\t\t<p><b>Municipios<\/b><\/p>\t\t\t\t\t\t\t\t<\/div>\n\t\t\t\t<\/div>\n\t\t\t\t<div class=\"elementor-element elementor-element-cc34e36 elementor-widget-divider--view-line elementor-widget elementor-widget-divider\" data-id=\"cc34e36\" data-element_type=\"widget\" data-e-type=\"widget\" data-widget_type=\"divider.default\">\n\t\t\t\t<div class=\"elementor-widget-container\">\n\t\t\t\t\t\t\t<div class=\"elementor-divider\">\n\t\t\t<span class=\"elementor-divider-separator\">\n\t\t\t\t\t\t<\/span>\n\t\t<\/div>\n\t\t\t\t\t\t<\/div>\n\t\t\t\t<\/div>\n\t\t\t\t\t<\/div>\n\t\t<\/div>\n\t\t\t\t\t<\/div>\n\t\t<\/section>\n\t\t\t\t<section class=\"elementor-section elementor-top-section elementor-element elementor-element-f09526c elementor-section-boxed elementor-section-height-default elementor-section-height-default\" data-id=\"f09526c\" data-element_type=\"section\" data-e-type=\"section\">\n\t\t\t\t\t\t<div class=\"elementor-container elementor-column-gap-default\">\n\t\t\t\t\t<div class=\"elementor-column elementor-col-100 elementor-top-column elementor-element elementor-element-2ecd1c4\" data-id=\"2ecd1c4\" data-element_type=\"column\" data-e-type=\"column\">\n\t\t\t<div class=\"elementor-widget-wrap elementor-element-populated\">\n\t\t\t\t\t\t<div class=\"elementor-element elementor-element-9c47710 elementor-tabs-alignment-center elementor-tabs-view-horizontal elementor-widget elementor-widget-tabs\" data-id=\"9c47710\" data-element_type=\"widget\" data-e-type=\"widget\" data-widget_type=\"tabs.default\">\n\t\t\t\t<div class=\"elementor-widget-container\">\n\t\t\t\t\t\t\t<div class=\"elementor-tabs\">\n\t\t\t<div class=\"elementor-tabs-wrapper\" role=\"tablist\" >\n\t\t\t\t\t\t\t\t\t<div id=\"elementor-tab-title-1631\" class=\"elementor-tab-title elementor-tab-desktop-title\" aria-selected=\"true\" data-tab=\"1\" role=\"tab\" tabindex=\"0\" aria-controls=\"elementor-tab-content-1631\" aria-expanded=\"false\">Estepona<\/div>\n\t\t\t\t\t\t\t\t\t<div id=\"elementor-tab-title-1632\" class=\"elementor-tab-title elementor-tab-desktop-title\" aria-selected=\"false\" data-tab=\"2\" role=\"tab\" tabindex=\"-1\" aria-controls=\"elementor-tab-content-1632\" aria-expanded=\"false\">Casares<\/div>\n\t\t\t\t\t\t\t\t\t<div id=\"elementor-tab-title-1633\" class=\"elementor-tab-title elementor-tab-desktop-title\" aria-selected=\"false\" data-tab=\"3\" role=\"tab\" tabindex=\"-1\" aria-controls=\"elementor-tab-content-1633\" aria-expanded=\"false\">Genalguacil<\/div>\n\t\t\t\t\t\t\t\t\t<div id=\"elementor-tab-title-1634\" class=\"elementor-tab-title elementor-tab-desktop-title\" aria-selected=\"false\" data-tab=\"4\" role=\"tab\" tabindex=\"-1\" aria-controls=\"elementor-tab-content-1634\" aria-expanded=\"false\">J\u00fazcar<\/div>\n\t\t\t\t\t\t\t<\/div>\n\t\t\t<div class=\"elementor-tabs-content-wrapper\" role=\"tablist\" aria-orientation=\"vertical\">\n\t\t\t\t\t\t\t\t\t<div class=\"elementor-tab-title elementor-tab-mobile-title\" aria-selected=\"true\" data-tab=\"1\" role=\"tab\" tabindex=\"0\" aria-controls=\"elementor-tab-content-1631\" aria-expanded=\"false\">Estepona<\/div>\n\t\t\t\t\t<div id=\"elementor-tab-content-1631\" class=\"elementor-tab-content elementor-clearfix\" data-tab=\"1\" role=\"tabpanel\" aria-labelledby=\"elementor-tab-title-1631\" tabindex=\"0\" hidden=\"false\"><p><strong><img loading=\"lazy\" decoding=\"async\" class=\"size-full wp-image-2490 alignleft lazyload\" src=\"data:image\/gif;base64,R0lGODlhAQABAIAAAAAAAP\/\/\/yH5BAEAAAAALAAAAAABAAEAAAIBRAA7\" data-src=\"https:\/\/loscascosverdes.org\/wp-content\/uploads\/2023\/07\/estepona.png\" alt=\"panor\u00e1mica Estepona\" width=\"300\" height=\"166\" \/><noscript><img loading=\"lazy\" decoding=\"async\" class=\"size-full wp-image-2490 alignleft lazyload lazyload\" src=\"data:image\/gif;base64,R0lGODlhAQABAIAAAAAAAP\/\/\/yH5BAEAAAAALAAAAAABAAEAAAIBRAA7\" data-src=\"https:\/\/loscascosverdes.org\/wp-content\/uploads\/2023\/07\/estepona.png\" alt=\"panor\u00e1mica Estepona\" width=\"300\" height=\"166\" \/><noscript><img loading=\"lazy\" decoding=\"async\" class=\"size-full wp-image-2490 alignleft lazyload lazyload\" src=\"https:\/\/loscascosverdes.org\/wp-content\/uploads\/2023\/07\/estepona.png\" alt=\"panor\u00e1mica Estepona\" width=\"300\" height=\"166\" \/><\/noscript><\/noscript>Estepona<\/strong> es un municipio espa\u00f1ol en la provincia de M\u00e1laga, Andaluc\u00eda. En 2022, su poblaci\u00f3n era de 74.493 habitantes, siendo un cuarto de su poblaci\u00f3n de origen extranjero, principalmente de Reino Unido, Marruecos y Argentina. Su t\u00e9rmino municipal tiene una super\ufb01cie de 137,5 km\u00b2 y se extiende a lo largo de 23 km de litoral, con un f\u00e9rtil valle y una zona monta\u00f1osa, Sierra Bermeja, que alcanza los 1449 metros sobre el nivel del mar en el pico de Los Reales. La vegetaci\u00f3n est\u00e1 compuesta por bosque mediterr\u00e1neo y monte bajo, incluyendo el \u00fanico\u00a0 bosque de pinsapos, especie end\u00e9mica de la zona, que crece sobre peridotitas. Existen tambi\u00e9n zonas de pinares, alcornocales, algarrobos, madro\u00f1os y arbustos como la jara, el tomillo, el lentisco y el romero. Estepona est\u00e1 situada a 82 km de M\u00e1laga y 48 km de Algeciras, y limita al norte con los municipios de Jubrique y J\u00fazcar, al noreste con Benahav\u00eds, al este con Marbella, al sureste y sur con el mar Mediterr\u00e1neo, al suroeste y oeste con Casares y al noroeste con Genalguacil.<\/p><\/div>\n\t\t\t\t\t\t\t\t\t<div class=\"elementor-tab-title elementor-tab-mobile-title\" aria-selected=\"false\" data-tab=\"2\" role=\"tab\" tabindex=\"-1\" aria-controls=\"elementor-tab-content-1632\" aria-expanded=\"false\">Casares<\/div>\n\t\t\t\t\t<div id=\"elementor-tab-content-1632\" class=\"elementor-tab-content elementor-clearfix\" data-tab=\"2\" role=\"tabpanel\" aria-labelledby=\"elementor-tab-title-1632\" tabindex=\"0\" hidden=\"hidden\"><p><strong><img loading=\"lazy\" decoding=\"async\" class=\"size-full wp-image-2489 alignleft lazyload\" src=\"data:image\/gif;base64,R0lGODlhAQABAIAAAAAAAP\/\/\/yH5BAEAAAAALAAAAAABAAEAAAIBRAA7\" data-src=\"https:\/\/loscascosverdes.org\/wp-content\/uploads\/2023\/07\/casares.png\" alt=\"panor\u00e1mica Casares\" width=\"300\" height=\"166\" \/><noscript><img loading=\"lazy\" decoding=\"async\" class=\"size-full wp-image-2489 alignleft lazyload lazyload\" src=\"data:image\/gif;base64,R0lGODlhAQABAIAAAAAAAP\/\/\/yH5BAEAAAAALAAAAAABAAEAAAIBRAA7\" data-src=\"https:\/\/loscascosverdes.org\/wp-content\/uploads\/2023\/07\/casares.png\" alt=\"panor\u00e1mica Casares\" width=\"300\" height=\"166\" \/><noscript><img loading=\"lazy\" decoding=\"async\" class=\"size-full wp-image-2489 alignleft lazyload lazyload\" src=\"https:\/\/loscascosverdes.org\/wp-content\/uploads\/2023\/07\/casares.png\" alt=\"panor\u00e1mica Casares\" width=\"300\" height=\"166\" \/><\/noscript><\/noscript>Casares<\/strong> es un municipio perteneciente a la provincia de M\u00e1laga, en la comarca de la Costa del Sol Occidental. Seg\u00fan los datos del censo de 2022, su poblaci\u00f3n es de 7.700 habitantes. El municipio tiene una super\ufb01cie de 162,4 km\u00b2 y se encuentra en una zona monta\u00f1osa con una gran extensi\u00f3n de bosque mediterr\u00e1neo y monte bajo. El pico m\u00e1s alto es el Monte de Casares con 1.062 metros sobre el nivel del mar. En el municipio, el pino negral est\u00e1 ampliamente representado en la zona nororiental en contacto con Estepona. Aunque algunos est\u00e1n en buen estado, otros est\u00e1n en regresi\u00f3n debido a incendios y mal uso humano. El pino carrasco y el pino pi\u00f1onero se mezclan con el pino negral y el pinsapo, su distribuci\u00f3n est\u00e1 condicionada por el microclima y la naturaleza del suelo. Entre las formaciones perennifolias, destacan la presencia del Alcornoque, la Encina, el Algarrobo y el Acebuche, con el Alcornoque principalmente entre los 200 y 800 metros de altitud y sobre sustrato c\u00e1lcico, y la Encina con una representaci\u00f3n abundante incluso en las mayores altitudes del t\u00e9rmino. La geolog\u00eda de la zona est\u00e1 compuesta principalmente por rocas metam\u00f3r\ufb01cas y sedimentarias. Casares est\u00e1 situado a unos 70 km al oeste de M\u00e1laga y limita al norte con el municipio de Estepona, al noreste con el municipio de Genalguacil, al este con el municipio de J\u00fazcar, al sur con el mar Mediterr\u00e1neo y al oeste con el municipio de Jimera de L\u00edbar.<\/p><\/div>\n\t\t\t\t\t\t\t\t\t<div class=\"elementor-tab-title elementor-tab-mobile-title\" aria-selected=\"false\" data-tab=\"3\" role=\"tab\" tabindex=\"-1\" aria-controls=\"elementor-tab-content-1633\" aria-expanded=\"false\">Genalguacil<\/div>\n\t\t\t\t\t<div id=\"elementor-tab-content-1633\" class=\"elementor-tab-content elementor-clearfix\" data-tab=\"3\" role=\"tabpanel\" aria-labelledby=\"elementor-tab-title-1633\" tabindex=\"0\" hidden=\"hidden\"><p><strong><img loading=\"lazy\" decoding=\"async\" class=\"size-full wp-image-2488 alignleft lazyload\" src=\"data:image\/gif;base64,R0lGODlhAQABAIAAAAAAAP\/\/\/yH5BAEAAAAALAAAAAABAAEAAAIBRAA7\" data-src=\"https:\/\/loscascosverdes.org\/wp-content\/uploads\/2023\/07\/genalguacil.png\" alt=\"panor\u00e1mica Genalguacil\" width=\"300\" height=\"166\" \/><noscript><img loading=\"lazy\" decoding=\"async\" class=\"size-full wp-image-2488 alignleft lazyload lazyload\" src=\"data:image\/gif;base64,R0lGODlhAQABAIAAAAAAAP\/\/\/yH5BAEAAAAALAAAAAABAAEAAAIBRAA7\" data-src=\"https:\/\/loscascosverdes.org\/wp-content\/uploads\/2023\/07\/genalguacil.png\" alt=\"panor\u00e1mica Genalguacil\" width=\"300\" height=\"166\" \/><noscript><img loading=\"lazy\" decoding=\"async\" class=\"size-full wp-image-2488 alignleft lazyload lazyload\" src=\"https:\/\/loscascosverdes.org\/wp-content\/uploads\/2023\/07\/genalguacil.png\" alt=\"panor\u00e1mica Genalguacil\" width=\"300\" height=\"166\" \/><\/noscript><\/noscript>Genalguacil<\/strong> es un municipio perteneciente a la provincia de M\u00e1laga, en la comarca de la Serran\u00eda de Ronda. Seg\u00fan los datos del censo de 2022, su poblaci\u00f3n es de 393 habitantes. El municipio tiene una super\ufb01cie de 31,87 km\u00b2 y se encuentra en una zona monta\u00f1osa. Sus puntos m\u00e1s altos son el Pico de Los Reales (1.449 m.), Porrej\u00f3n (1.210 m.) y el puerto de Pe\u00f1as Blancas (1.010 m.). La vegetaci\u00f3n de la zona est\u00e1 compuesta principalmente por bosques de con\u00edferas; pino, pinsapo y especies arbustivas tales como Madro\u00f1os (Arbutus unedo L.) brezo blanco (Erica arborea L.) y jaras (Cistus sp.) Y herb\u00e1ceas estrictamente end\u00e9micas como son Staehelina baetica, Genista lanuginosa, Centaurea haenseleri, Centaurea Armeria colorata. La geolog\u00eda de la zona est\u00e1 compuesta principalmente por arcillas con mucho hierro y peridotitas. Genalguacil est\u00e1 situado a unos 75 km al noroeste de M\u00e1laga, cerca de la frontera con la provincia de C\u00e1diz, y limita al Norte con el municipio de Jubrique, al noreste con el municipio de Gauc\u00edn, al este con el municipio de Casares y al oeste y sur con el municipio de Estepona.<\/p><\/div>\n\t\t\t\t\t\t\t\t\t<div class=\"elementor-tab-title elementor-tab-mobile-title\" aria-selected=\"false\" data-tab=\"4\" role=\"tab\" tabindex=\"-1\" aria-controls=\"elementor-tab-content-1634\" aria-expanded=\"false\">J\u00fazcar<\/div>\n\t\t\t\t\t<div id=\"elementor-tab-content-1634\" class=\"elementor-tab-content elementor-clearfix\" data-tab=\"4\" role=\"tabpanel\" aria-labelledby=\"elementor-tab-title-1634\" tabindex=\"0\" hidden=\"hidden\"><p><strong><img loading=\"lazy\" decoding=\"async\" class=\"size-full wp-image-2487 alignleft lazyload\" src=\"data:image\/gif;base64,R0lGODlhAQABAIAAAAAAAP\/\/\/yH5BAEAAAAALAAAAAABAAEAAAIBRAA7\" data-src=\"https:\/\/loscascosverdes.org\/wp-content\/uploads\/2023\/07\/juzcar.png\" alt=\"panor\u00e1mica Juzcar\" width=\"300\" height=\"167\" \/><noscript><img loading=\"lazy\" decoding=\"async\" class=\"size-full wp-image-2487 alignleft lazyload lazyload\" src=\"data:image\/gif;base64,R0lGODlhAQABAIAAAAAAAP\/\/\/yH5BAEAAAAALAAAAAABAAEAAAIBRAA7\" data-src=\"https:\/\/loscascosverdes.org\/wp-content\/uploads\/2023\/07\/juzcar.png\" alt=\"panor\u00e1mica Juzcar\" width=\"300\" height=\"167\" \/><noscript><img loading=\"lazy\" decoding=\"async\" class=\"size-full wp-image-2487 alignleft lazyload lazyload\" src=\"https:\/\/loscascosverdes.org\/wp-content\/uploads\/2023\/07\/juzcar.png\" alt=\"panor\u00e1mica Juzcar\" width=\"300\" height=\"167\" \/><\/noscript><\/noscript>J\u00fazcar<\/strong> es un peque\u00f1o municipio de la provincia de M\u00e1laga, situado tambi\u00e9n en la comarca de la Serran\u00eda de Ronda. Seg\u00fan los datos del censo de 2022, su poblaci\u00f3n es de 247 habitantes. El municipio tiene una super\ufb01cie de 33,66 km\u00b2 y se encuentra en una zona monta\u00f1osa. El pico m\u00e1s alto es el Monte Jarastepar (1.427 m.). La vegetaci\u00f3n en J\u00fazcar est\u00e1 muy condicionada por la litolog\u00eda, lo que conlleva la existencia de gran cantidad de endemismos. Al igual que otros municipios de su entorno, posee masas de alcornocales, bosques de galer\u00eda y casta\u00f1os, con una gran calidad tanto ecol\u00f3gica como paisaj\u00edstica. El brezal, compone gran parte de la super\ufb01cie del t\u00e9rmino municipal, y est\u00e1 constituido por especies que colonizan las laderas m\u00e1s pedregosas. Entre las especies m\u00e1s caracter\u00edsticas se encuentran el romero, el tomillo y el helecho. Como matorral destaca el majuelo, el lentisco, el enebro, la coscoja y el esp\u00e1rrago triguero, y los \u00e1rboles m\u00e1s caracter\u00edsticos son la encina y el acebuche. En el municipio son muy caracter\u00edsticos los bosques de casta\u00f1os, donde se entremezclan los casta\u00f1os con los alcornocales, el bosque de querc\u00edneas y el bosque de con\u00edferas, donde predomina la especie end\u00e9mica pino resinero. Desde\u00a0 el punto de vista geol\u00f3gico, Sierra de Jarastepar forma parte de la zona externa de la cordillera b\u00e9tica en el penib\u00e9tico externo. Una de las caracter\u00edsticas fundamental s del Penib\u00e9tico externo es su serie jur\u00e1sica totalmente carbonatada. Los a\ufb02oramientos m\u00e1s amplios de dolom\u00edas pueden observarse desde el municipio de El Burgo, hasta la propia Sierra de Jarastepar, donde a veces la dolomitizaci\u00f3n afecta a toda la serie carbonatada. J\u00fazcar est\u00e1 situado a unos 90 km al noroeste de M\u00e1laga, cerca de la frontera con la provincia de C\u00e1diz, y limita al Norte con el municipio de Jubrique, al este con el municipio de Estepona, al sur con el municipio de Genalguacil y al oeste con el municipio de Casares.<\/p><\/div>\n\t\t\t\t\t\t\t<\/div>\n\t\t<\/div>\n\t\t\t\t\t\t<\/div>\n\t\t\t\t<\/div>\n\t\t\t\t\t<\/div>\n\t\t<\/div>\n\t\t\t\t\t<\/div>\n\t\t<\/section>\n\t\t\t\t<section class=\"elementor-section elementor-top-section elementor-element elementor-element-da67889 elementor-section-boxed elementor-section-height-default elementor-section-height-default\" data-id=\"da67889\" data-element_type=\"section\" data-e-type=\"section\">\n\t\t\t\t\t\t<div class=\"elementor-container elementor-column-gap-default\">\n\t\t\t\t\t<div class=\"elementor-column elementor-col-100 elementor-top-column elementor-element elementor-element-21453af\" data-id=\"21453af\" data-element_type=\"column\" data-e-type=\"column\">\n\t\t\t<div class=\"elementor-widget-wrap elementor-element-populated\">\n\t\t\t\t\t\t<div class=\"elementor-element elementor-element-8363bef elementor-widget elementor-widget-text-editor\" data-id=\"8363bef\" data-element_type=\"widget\" data-e-type=\"widget\" data-widget_type=\"text-editor.default\">\n\t\t\t\t<div class=\"elementor-widget-container\">\n\t\t\t\t\t\t\t\t\t<p><b>Zona<\/b><\/p>\t\t\t\t\t\t\t\t<\/div>\n\t\t\t\t<\/div>\n\t\t\t\t<div class=\"elementor-element elementor-element-28638d1 elementor-widget-divider--view-line elementor-widget elementor-widget-divider\" data-id=\"28638d1\" data-element_type=\"widget\" data-e-type=\"widget\" data-widget_type=\"divider.default\">\n\t\t\t\t<div class=\"elementor-widget-container\">\n\t\t\t\t\t\t\t<div class=\"elementor-divider\">\n\t\t\t<span class=\"elementor-divider-separator\">\n\t\t\t\t\t\t<\/span>\n\t\t<\/div>\n\t\t\t\t\t\t<\/div>\n\t\t\t\t<\/div>\n\t\t\t\t\t<\/div>\n\t\t<\/div>\n\t\t\t\t\t<\/div>\n\t\t<\/section>\n\t\t\t\t<section class=\"elementor-section elementor-top-section elementor-element elementor-element-a3fbb1a elementor-section-boxed elementor-section-height-default elementor-section-height-default\" data-id=\"a3fbb1a\" data-element_type=\"section\" data-e-type=\"section\">\n\t\t\t\t\t\t<div class=\"elementor-container elementor-column-gap-default\">\n\t\t\t\t\t<div class=\"elementor-column elementor-col-100 elementor-top-column elementor-element elementor-element-a9a1705\" data-id=\"a9a1705\" data-element_type=\"column\" data-e-type=\"column\">\n\t\t\t<div class=\"elementor-widget-wrap elementor-element-populated\">\n\t\t\t\t\t\t<div class=\"elementor-element elementor-element-e8ecde2 elementor-widget elementor-widget-video\" data-id=\"e8ecde2\" data-element_type=\"widget\" data-e-type=\"widget\" data-settings=\"{&quot;video_type&quot;:&quot;hosted&quot;,&quot;start&quot;:62,&quot;end&quot;:100,&quot;autoplay&quot;:&quot;yes&quot;,&quot;controls&quot;:&quot;yes&quot;}\" data-widget_type=\"video.default\">\n\t\t\t\t<div class=\"elementor-widget-container\">\n\t\t\t\t\t\t\t<div class=\"e-hosted-video elementor-wrapper elementor-open-inline\">\n\t\t\t\t\t<video class=\"elementor-video lazyload\" data-src=\"https:\/\/loscascosverdes.org\/wp-content\/uploads\/2023\/06\/Publicacion-Feed-LinkedIn-1.mp4#t=62,100\" autoplay=\"\" controls=\"\" controlsList=\"nodownload\"><\/video>\n\t\t\t\t<\/div>\n\t\t\t\t\t\t<\/div>\n\t\t\t\t<\/div>\n\t\t\t\t\t<\/div>\n\t\t<\/div>\n\t\t\t\t\t<\/div>\n\t\t<\/section>\n\t\t\t\t<section class=\"elementor-section elementor-top-section elementor-element elementor-element-2efd1f2 elementor-section-boxed elementor-section-height-default elementor-section-height-default\" data-id=\"2efd1f2\" data-element_type=\"section\" data-e-type=\"section\">\n\t\t\t\t\t\t<div class=\"elementor-container elementor-column-gap-default\">\n\t\t\t\t\t<div class=\"elementor-column elementor-col-100 elementor-top-column elementor-element elementor-element-70d22b2\" data-id=\"70d22b2\" data-element_type=\"column\" data-e-type=\"column\">\n\t\t\t<div class=\"elementor-widget-wrap elementor-element-populated\">\n\t\t\t\t\t\t<div class=\"elementor-element elementor-element-ebc1436 elementor-widget elementor-widget-text-editor\" data-id=\"ebc1436\" data-element_type=\"widget\" data-e-type=\"widget\" data-widget_type=\"text-editor.default\">\n\t\t\t\t<div class=\"elementor-widget-container\">\n\t\t\t\t\t\t\t\t\t<p><b>Zonas de actuaci\u00f3n Cascos Verdes<\/b><\/p>\t\t\t\t\t\t\t\t<\/div>\n\t\t\t\t<\/div>\n\t\t\t\t<div class=\"elementor-element elementor-element-d114f09 elementor-widget-divider--view-line elementor-widget elementor-widget-divider\" data-id=\"d114f09\" data-element_type=\"widget\" data-e-type=\"widget\" data-widget_type=\"divider.default\">\n\t\t\t\t<div class=\"elementor-widget-container\">\n\t\t\t\t\t\t\t<div class=\"elementor-divider\">\n\t\t\t<span class=\"elementor-divider-separator\">\n\t\t\t\t\t\t<\/span>\n\t\t<\/div>\n\t\t\t\t\t\t<\/div>\n\t\t\t\t<\/div>\n\t\t\t\t<section class=\"elementor-section elementor-inner-section elementor-element elementor-element-3a327cc elementor-section-boxed elementor-section-height-default elementor-section-height-default\" data-id=\"3a327cc\" data-element_type=\"section\" data-e-type=\"section\">\n\t\t\t\t\t\t<div class=\"elementor-container elementor-column-gap-default\">\n\t\t\t\t\t<div class=\"elementor-column elementor-col-100 elementor-inner-column elementor-element elementor-element-8d20b70\" data-id=\"8d20b70\" data-element_type=\"column\" data-e-type=\"column\">\n\t\t\t<div class=\"elementor-widget-wrap elementor-element-populated\">\n\t\t\t\t\t\t<div class=\"elementor-element elementor-element-6082024 elementor--h-position-right elementor-arrows-position-outside elementor--v-position-middle elementor-widget elementor-widget-slides\" data-id=\"6082024\" data-element_type=\"widget\" data-e-type=\"widget\" data-settings=\"{&quot;navigation&quot;:&quot;arrows&quot;,&quot;transition&quot;:&quot;slide&quot;,&quot;transition_speed&quot;:500}\" data-widget_type=\"slides.default\">\n\t\t\t\t<div class=\"elementor-widget-container\">\n\t\t\t\t\t\t\t<div class=\"elementor-swiper\">\n\t\t\t<div class=\"elementor-slides-wrapper elementor-main-swiper swiper-container\" dir=\"ltr\" data-animation=\"\">\n\t\t\t\t<div class=\"swiper-wrapper elementor-slides\">\n\t\t\t\t\t\t\t\t\t\t<div class=\"elementor-repeater-item-c848819 swiper-slide\"><div class=\"swiper-slide-bg\" role=\"img\"><\/div><div class=\"swiper-slide-inner\" ><div class=\"swiper-slide-contents\"><div class=\"elementor-slide-heading\">Sierra Bermeja, el \u00fanico pinsapar serpentin\u00edcola del mundo.<\/div><div class=\"elementor-slide-description\">Fauna: Existen m\u00e1s de 216 especies de fauna identi\ufb01cadas, 13 end\u00e9micas y casi todas protegidas por la legislaci\u00f3n europea.\n\nFlora: El 85 % de las comunidades vegetales existentes en la sierra Bermeja de Estepona est\u00e1 incluido en la directiva H\u00c1BITATS 2000 (92\/43\/CEE) de la Uni\u00f3n Europea. Aparecen m\u00e1s de una veintena de endemismos.<\/div><\/div><\/div><\/div><div class=\"elementor-repeater-item-ff81e0a swiper-slide\"><div class=\"swiper-slide-bg\" role=\"img\"><\/div><div class=\"swiper-slide-inner\" ><div class=\"swiper-slide-contents\"><div class=\"elementor-slide-heading\">El incendio se origina el 8 de Septiembre del 2021.<\/div><div class=\"elementor-slide-description\">Se origina en Jubrique, seg\u00fan los expertos por el uso de maquinaria agr\u00edcola.\nPermanece en activo 46 d\u00edas.\nArrasa 10.000 Hect\u00e1reas.\nEmplea a 6.000 efectivos y m\u00e1s de 200 medios a\u00e9reos.\nDesalojo obligado de 2.670 personas.<\/div><\/div><\/div><\/div><div class=\"elementor-repeater-item-6549c0a swiper-slide\"><div class=\"swiper-slide-bg\" role=\"img\"><\/div><div class=\"swiper-slide-inner\" ><div class=\"swiper-slide-contents\"><div class=\"elementor-slide-heading\">Incendio de sexta generaci\u00f3n (generan su propio clima)<\/div><div class=\"elementor-slide-description\">1.La columna de humo asciende.\n2.La columna de humo se enfr\u00eda.\n3.Se forma el piroc\u00famulo.\n4.Puede generar una tormenta el\u00e9ctrica o precipitaci\u00f3n de cenizas que originen nuevos focos.\n5.Generaci\u00f3n de lluvias torrenciales.\n6.Rayos.<\/div><\/div><\/div><\/div><div class=\"elementor-repeater-item-3766e92 swiper-slide\"><div class=\"swiper-slide-bg\" role=\"img\"><\/div><div class=\"swiper-slide-inner\" ><div class=\"swiper-slide-contents\"><div class=\"elementor-slide-heading\">Espacios seleccionados por Cascos Verdes<\/div><div class=\"elementor-slide-description\">Seg\u00fan criterios t\u00e9cnicos se han seleccionado una serie de zonas afectadas por el incendio que requieren de:\n\nPreparaci\u00f3n del terreno.\nNueva masa vegetal para regenerar el suelo.\nTrabajos de revegetaci\u00f3n directa.\nLimpieza de monte.\nAclareo.<\/div><\/div><\/div><\/div>\t\t\t\t<\/div>\n\t\t\t\t\t\t\t\t\t\t\t\t\t\t\t\t\t\t\t\t<div class=\"elementor-swiper-button elementor-swiper-button-prev\" role=\"button\" tabindex=\"0\">\n\t\t\t\t\t\t\t<i aria-hidden=\"true\" class=\"eicon-chevron-left\"><\/i>\t\t\t\t\t\t\t<span class=\"elementor-screen-only\">Diapositiva anterior<\/span>\n\t\t\t\t\t\t<\/div>\n\t\t\t\t\t\t<div class=\"elementor-swiper-button elementor-swiper-button-next\" role=\"button\" tabindex=\"0\">\n\t\t\t\t\t\t\t<i aria-hidden=\"true\" class=\"eicon-chevron-right\"><\/i>\t\t\t\t\t\t\t<span class=\"elementor-screen-only\">Diapositiva siguiente<\/span>\n\t\t\t\t\t\t<\/div>\n\t\t\t\t\t\t\t\t\t\t\t\t<\/div>\n\t\t<\/div>\n\t\t\t\t\t\t<\/div>\n\t\t\t\t<\/div>\n\t\t\t\t\t<\/div>\n\t\t<\/div>\n\t\t\t\t\t<\/div>\n\t\t<\/section>\n\t\t\t\t\t<\/div>\n\t\t<\/div>\n\t\t\t\t\t<\/div>\n\t\t<\/section>\n\t\t\t\t<section class=\"elementor-section elementor-top-section elementor-element elementor-element-79959fc elementor-section-boxed elementor-section-height-default elementor-section-height-default\" data-id=\"79959fc\" data-element_type=\"section\" data-e-type=\"section\">\n\t\t\t\t\t\t<div class=\"elementor-container elementor-column-gap-default\">\n\t\t\t\t\t<div class=\"elementor-column elementor-col-100 elementor-top-column elementor-element elementor-element-bdb3eaa\" data-id=\"bdb3eaa\" data-element_type=\"column\" data-e-type=\"column\">\n\t\t\t<div class=\"elementor-widget-wrap elementor-element-populated\">\n\t\t\t\t\t\t<div class=\"elementor-element elementor-element-75fa3f6 elementor-widget elementor-widget-text-editor\" data-id=\"75fa3f6\" data-element_type=\"widget\" data-e-type=\"widget\" data-widget_type=\"text-editor.default\">\n\t\t\t\t<div class=\"elementor-widget-container\">\n\t\t\t\t\t\t\t\t\t<p><b>Actuaci\u00f3n de los Cascos Verdes<\/b><\/p>\t\t\t\t\t\t\t\t<\/div>\n\t\t\t\t<\/div>\n\t\t\t\t<div class=\"elementor-element elementor-element-d838502 elementor-widget-divider--view-line elementor-widget elementor-widget-divider\" data-id=\"d838502\" data-element_type=\"widget\" data-e-type=\"widget\" data-widget_type=\"divider.default\">\n\t\t\t\t<div class=\"elementor-widget-container\">\n\t\t\t\t\t\t\t<div class=\"elementor-divider\">\n\t\t\t<span class=\"elementor-divider-separator\">\n\t\t\t\t\t\t<\/span>\n\t\t<\/div>\n\t\t\t\t\t\t<\/div>\n\t\t\t\t<\/div>\n\t\t\t\t<section class=\"elementor-section elementor-inner-section elementor-element elementor-element-61c391c elementor-section-boxed elementor-section-height-default elementor-section-height-default\" data-id=\"61c391c\" data-element_type=\"section\" data-e-type=\"section\">\n\t\t\t\t\t\t<div class=\"elementor-container elementor-column-gap-default\">\n\t\t\t\t\t<div class=\"elementor-column elementor-col-50 elementor-inner-column elementor-element elementor-element-3e0e73e\" data-id=\"3e0e73e\" data-element_type=\"column\" data-e-type=\"column\">\n\t\t\t<div class=\"elementor-widget-wrap elementor-element-populated\">\n\t\t\t\t\t\t<div class=\"elementor-element elementor-element-1ca64e8 elementor-widget elementor-widget-image\" data-id=\"1ca64e8\" data-element_type=\"widget\" data-e-type=\"widget\" data-widget_type=\"image.default\">\n\t\t\t\t<div class=\"elementor-widget-container\">\n\t\t\t\t\t\t\t\t\t\t\t\t\t\t\t<img loading=\"lazy\" decoding=\"async\" width=\"768\" height=\"576\" src=\"data:image\/gif;base64,R0lGODlhAQABAIAAAAAAAP\/\/\/yH5BAEAAAAALAAAAAABAAEAAAIBRAA7\" data-src=\"https:\/\/loscascosverdes.org\/wp-content\/uploads\/2023\/04\/IMG_1610-copia-768x576.jpg\" class=\"attachment-medium_large size-medium_large wp-image-2058 lazyload\" alt=\"\" data-srcset=\"https:\/\/loscascosverdes.org\/wp-content\/uploads\/2023\/04\/IMG_1610-copia-768x576.jpg 768w, https:\/\/loscascosverdes.org\/wp-content\/uploads\/2023\/04\/IMG_1610-copia-300x225.jpg 300w, https:\/\/loscascosverdes.org\/wp-content\/uploads\/2023\/04\/IMG_1610-copia-1024x768.jpg 1024w, https:\/\/loscascosverdes.org\/wp-content\/uploads\/2023\/04\/IMG_1610-copia-1536x1152.jpg 1536w, https:\/\/loscascosverdes.org\/wp-content\/uploads\/2023\/04\/IMG_1610-copia-2048x1536.jpg 2048w\" sizes=\"(max-width: 768px) 100vw, 768px\" \/><noscript><img loading=\"lazy\" decoding=\"async\" width=\"768\" height=\"576\" src=\"https:\/\/loscascosverdes.org\/wp-content\/uploads\/2023\/04\/IMG_1610-copia-768x576.jpg\" class=\"attachment-medium_large size-medium_large wp-image-2058 lazyload\" alt=\"\" srcset=\"https:\/\/loscascosverdes.org\/wp-content\/uploads\/2023\/04\/IMG_1610-copia-768x576.jpg 768w, https:\/\/loscascosverdes.org\/wp-content\/uploads\/2023\/04\/IMG_1610-copia-300x225.jpg 300w, https:\/\/loscascosverdes.org\/wp-content\/uploads\/2023\/04\/IMG_1610-copia-1024x768.jpg 1024w, https:\/\/loscascosverdes.org\/wp-content\/uploads\/2023\/04\/IMG_1610-copia-1536x1152.jpg 1536w, https:\/\/loscascosverdes.org\/wp-content\/uploads\/2023\/04\/IMG_1610-copia-2048x1536.jpg 2048w\" sizes=\"(max-width: 768px) 100vw, 768px\" \/><\/noscript>\t\t\t\t\t\t\t\t\t\t\t\t\t\t\t<\/div>\n\t\t\t\t<\/div>\n\t\t\t\t\t<\/div>\n\t\t<\/div>\n\t\t\t\t<div class=\"elementor-column elementor-col-50 elementor-inner-column elementor-element elementor-element-c403e1c\" data-id=\"c403e1c\" data-element_type=\"column\" data-e-type=\"column\">\n\t\t\t<div class=\"elementor-widget-wrap elementor-element-populated\">\n\t\t\t\t\t\t<div class=\"elementor-element elementor-element-041d3bb elementor-widget elementor-widget-text-editor\" data-id=\"041d3bb\" data-element_type=\"widget\" data-e-type=\"widget\" data-widget_type=\"text-editor.default\">\n\t\t\t\t<div class=\"elementor-widget-container\">\n\t\t\t\t\t\t\t\t\t<p><strong>Acci\u00f3n 1:<\/strong><\/p><p>Lanzamiento de bombas de semilla en Estepona. 21 Abril 2023<\/p><p>Gracias a la colaboraci\u00f3n de los ayuntamientos de Estepona y Casares, la reforestaci\u00f3n ha dado comienzo en la zona de Los Pedregales y La Aerobase donde se ha realizado un lanzamiento 14 bombas de semilla \u00abNendo Dango realizadas por escolares de toda la provincia en las actividades de la Diputaci\u00f3n de M\u00e1laga a trav\u00e9s de su proyecto Malaga +Viva. Se han lanzado un total de 11.400 semillas inteligentes mediante drones.<\/p>\t\t\t\t\t\t\t\t<\/div>\n\t\t\t\t<\/div>\n\t\t\t\t<div class=\"elementor-element elementor-element-d8f4f0c elementor-align-left elementor-widget elementor-widget-button\" data-id=\"d8f4f0c\" data-element_type=\"widget\" data-e-type=\"widget\" data-widget_type=\"button.default\">\n\t\t\t\t<div class=\"elementor-widget-container\">\n\t\t\t\t\t\t\t\t\t<div class=\"elementor-button-wrapper\">\n\t\t\t\t\t<a class=\"elementor-button elementor-button-link elementor-size-sm\" href=\"https:\/\/loscascosverdes.org\/primera-reforestacion-del-proyecto-cascos-verdes\/\">\n\t\t\t\t\t\t<span class=\"elementor-button-content-wrapper\">\n\t\t\t\t\t\t\t\t\t<span class=\"elementor-button-text\">LEER M\u00c1S<\/span>\n\t\t\t\t\t<\/span>\n\t\t\t\t\t<\/a>\n\t\t\t\t<\/div>\n\t\t\t\t\t\t\t\t<\/div>\n\t\t\t\t<\/div>\n\t\t\t\t\t<\/div>\n\t\t<\/div>\n\t\t\t\t\t<\/div>\n\t\t<\/section>\n\t\t\t\t<section class=\"elementor-section elementor-inner-section elementor-element elementor-element-c9c1ed4 elementor-section-boxed elementor-section-height-default elementor-section-height-default\" data-id=\"c9c1ed4\" data-element_type=\"section\" data-e-type=\"section\">\n\t\t\t\t\t\t<div class=\"elementor-container elementor-column-gap-default\">\n\t\t\t\t\t<div class=\"elementor-column elementor-col-50 elementor-inner-column elementor-element elementor-element-9bda5a3\" data-id=\"9bda5a3\" data-element_type=\"column\" data-e-type=\"column\">\n\t\t\t<div class=\"elementor-widget-wrap elementor-element-populated\">\n\t\t\t\t\t\t<div class=\"elementor-element elementor-element-511c8a0 elementor-widget elementor-widget-image\" data-id=\"511c8a0\" data-element_type=\"widget\" data-e-type=\"widget\" data-widget_type=\"image.default\">\n\t\t\t\t<div class=\"elementor-widget-container\">\n\t\t\t\t\t\t\t\t\t\t\t\t\t\t\t<img loading=\"lazy\" decoding=\"async\" width=\"800\" height=\"600\" src=\"data:image\/gif;base64,R0lGODlhAQABAIAAAAAAAP\/\/\/yH5BAEAAAAALAAAAAABAAEAAAIBRAA7\" data-src=\"https:\/\/loscascosverdes.org\/wp-content\/uploads\/2023\/04\/IMG_1904-copia-1024x768.jpg\" class=\"attachment-large size-large wp-image-2059 lazyload\" alt=\"\" data-srcset=\"https:\/\/loscascosverdes.org\/wp-content\/uploads\/2023\/04\/IMG_1904-copia-1024x768.jpg 1024w, https:\/\/loscascosverdes.org\/wp-content\/uploads\/2023\/04\/IMG_1904-copia-300x225.jpg 300w, https:\/\/loscascosverdes.org\/wp-content\/uploads\/2023\/04\/IMG_1904-copia-768x576.jpg 768w, https:\/\/loscascosverdes.org\/wp-content\/uploads\/2023\/04\/IMG_1904-copia-1536x1152.jpg 1536w, https:\/\/loscascosverdes.org\/wp-content\/uploads\/2023\/04\/IMG_1904-copia-2048x1536.jpg 2048w\" sizes=\"(max-width: 800px) 100vw, 800px\" \/><noscript><img loading=\"lazy\" decoding=\"async\" width=\"800\" height=\"600\" src=\"https:\/\/loscascosverdes.org\/wp-content\/uploads\/2023\/04\/IMG_1904-copia-1024x768.jpg\" class=\"attachment-large size-large wp-image-2059 lazyload\" alt=\"\" srcset=\"https:\/\/loscascosverdes.org\/wp-content\/uploads\/2023\/04\/IMG_1904-copia-1024x768.jpg 1024w, https:\/\/loscascosverdes.org\/wp-content\/uploads\/2023\/04\/IMG_1904-copia-300x225.jpg 300w, https:\/\/loscascosverdes.org\/wp-content\/uploads\/2023\/04\/IMG_1904-copia-768x576.jpg 768w, https:\/\/loscascosverdes.org\/wp-content\/uploads\/2023\/04\/IMG_1904-copia-1536x1152.jpg 1536w, https:\/\/loscascosverdes.org\/wp-content\/uploads\/2023\/04\/IMG_1904-copia-2048x1536.jpg 2048w\" sizes=\"(max-width: 800px) 100vw, 800px\" \/><\/noscript>\t\t\t\t\t\t\t\t\t\t\t\t\t\t\t<\/div>\n\t\t\t\t<\/div>\n\t\t\t\t\t<\/div>\n\t\t<\/div>\n\t\t\t\t<div class=\"elementor-column elementor-col-50 elementor-inner-column elementor-element elementor-element-732edb7\" data-id=\"732edb7\" data-element_type=\"column\" data-e-type=\"column\">\n\t\t\t<div class=\"elementor-widget-wrap elementor-element-populated\">\n\t\t\t\t\t\t<div class=\"elementor-element elementor-element-9ea13d7 elementor-widget elementor-widget-text-editor\" data-id=\"9ea13d7\" data-element_type=\"widget\" data-e-type=\"widget\" data-widget_type=\"text-editor.default\">\n\t\t\t\t<div class=\"elementor-widget-container\">\n\t\t\t\t\t\t\t\t\t<p><strong>Acci\u00f3n 2:<\/strong><\/p><p><span class=\"s1\">Lanzamiento de<\/span> <span class=\"s1\">semillas desde<\/span> <span class=\"s1\">drones en Estepona. 21 de Abril<\/span> <span class=\"s1\">2023.<\/span><\/p><p>Con el uso de drones se dan los primeros pasos del proceso de reforestaci\u00f3n y regeneraci\u00f3n de un suelo degradado. Actuar sobre estos suelos de forma directa ayuda a acelerar el proceso de revegetaci\u00f3n.<\/p>\t\t\t\t\t\t\t\t<\/div>\n\t\t\t\t<\/div>\n\t\t\t\t<div class=\"elementor-element elementor-element-aac2fd6 elementor-align-left elementor-widget elementor-widget-button\" data-id=\"aac2fd6\" data-element_type=\"widget\" data-e-type=\"widget\" data-widget_type=\"button.default\">\n\t\t\t\t<div class=\"elementor-widget-container\">\n\t\t\t\t\t\t\t\t\t<div class=\"elementor-button-wrapper\">\n\t\t\t\t\t<a class=\"elementor-button elementor-button-link elementor-size-sm\" href=\"https:\/\/loscascosverdes.org\/primera-reforestacion-del-proyecto-cascos-verdes\/\">\n\t\t\t\t\t\t<span class=\"elementor-button-content-wrapper\">\n\t\t\t\t\t\t\t\t\t<span class=\"elementor-button-text\">LEER M\u00c1S<\/span>\n\t\t\t\t\t<\/span>\n\t\t\t\t\t<\/a>\n\t\t\t\t<\/div>\n\t\t\t\t\t\t\t\t<\/div>\n\t\t\t\t<\/div>\n\t\t\t\t\t<\/div>\n\t\t<\/div>\n\t\t\t\t\t<\/div>\n\t\t<\/section>\n\t\t\t\t\t<\/div>\n\t\t<\/div>\n\t\t\t\t\t<\/div>\n\t\t<\/section>\n\t\t\t\t<section class=\"elementor-section elementor-top-section elementor-element elementor-element-11e755d elementor-section-boxed elementor-section-height-default elementor-section-height-default\" data-id=\"11e755d\" data-element_type=\"section\" data-e-type=\"section\">\n\t\t\t\t\t\t<div class=\"elementor-container elementor-column-gap-default\">\n\t\t\t\t\t<div class=\"elementor-column elementor-col-100 elementor-top-column elementor-element elementor-element-e528516\" data-id=\"e528516\" data-element_type=\"column\" data-e-type=\"column\">\n\t\t\t<div class=\"elementor-widget-wrap elementor-element-populated\">\n\t\t\t\t\t\t<div class=\"elementor-element elementor-element-2340c30 elementor-widget elementor-widget-image\" data-id=\"2340c30\" data-element_type=\"widget\" data-e-type=\"widget\" data-widget_type=\"image.default\">\n\t\t\t\t<div class=\"elementor-widget-container\">\n\t\t\t\t\t\t\t\t\t\t\t\t\t\t\t<img loading=\"lazy\" decoding=\"async\" width=\"768\" height=\"74\" src=\"data:image\/gif;base64,R0lGODlhAQABAIAAAAAAAP\/\/\/yH5BAEAAAAALAAAAAABAAEAAAIBRAA7\" data-src=\"https:\/\/loscascosverdes.org\/wp-content\/uploads\/2025\/08\/cifal-micsoft-768x74.png\" class=\"attachment-medium_large size-medium_large wp-image-3068 lazyload\" alt=\"\" data-srcset=\"https:\/\/loscascosverdes.org\/wp-content\/uploads\/2025\/08\/cifal-micsoft-768x74.png 768w, https:\/\/loscascosverdes.org\/wp-content\/uploads\/2025\/08\/cifal-micsoft-300x29.png 300w, https:\/\/loscascosverdes.org\/wp-content\/uploads\/2025\/08\/cifal-micsoft-1024x99.png 1024w, https:\/\/loscascosverdes.org\/wp-content\/uploads\/2025\/08\/cifal-micsoft-1536x148.png 1536w, https:\/\/loscascosverdes.org\/wp-content\/uploads\/2025\/08\/cifal-micsoft-2048x198.png 2048w, https:\/\/loscascosverdes.org\/wp-content\/uploads\/2025\/08\/cifal-micsoft-18x2.png 18w\" sizes=\"(max-width: 768px) 100vw, 768px\" \/><noscript><img loading=\"lazy\" decoding=\"async\" width=\"768\" height=\"74\" src=\"https:\/\/loscascosverdes.org\/wp-content\/uploads\/2025\/08\/cifal-micsoft-768x74.png\" class=\"attachment-medium_large size-medium_large wp-image-3068 lazyload\" alt=\"\" srcset=\"https:\/\/loscascosverdes.org\/wp-content\/uploads\/2025\/08\/cifal-micsoft-768x74.png 768w, https:\/\/loscascosverdes.org\/wp-content\/uploads\/2025\/08\/cifal-micsoft-300x29.png 300w, https:\/\/loscascosverdes.org\/wp-content\/uploads\/2025\/08\/cifal-micsoft-1024x99.png 1024w, https:\/\/loscascosverdes.org\/wp-content\/uploads\/2025\/08\/cifal-micsoft-1536x148.png 1536w, https:\/\/loscascosverdes.org\/wp-content\/uploads\/2025\/08\/cifal-micsoft-2048x198.png 2048w, https:\/\/loscascosverdes.org\/wp-content\/uploads\/2025\/08\/cifal-micsoft-18x2.png 18w\" sizes=\"(max-width: 768px) 100vw, 768px\" \/><\/noscript>\t\t\t\t\t\t\t\t\t\t\t\t\t\t\t<\/div>\n\t\t\t\t<\/div>\n\t\t\t\t<div class=\"elementor-element elementor-element-5108022 elementor-widget elementor-widget-image\" data-id=\"5108022\" data-element_type=\"widget\" data-e-type=\"widget\" data-widget_type=\"image.default\">\n\t\t\t\t<div class=\"elementor-widget-container\">\n\t\t\t\t\t\t\t\t\t\t\t\t\t\t\t<img loading=\"lazy\" decoding=\"async\" width=\"300\" height=\"88\" src=\"data:image\/gif;base64,R0lGODlhAQABAIAAAAAAAP\/\/\/yH5BAEAAAAALAAAAAABAAEAAAIBRAA7\" data-src=\"https:\/\/loscascosverdes.org\/wp-content\/uploads\/2025\/08\/logosjuntaamazon-300x88.png\" class=\"attachment-medium size-medium wp-image-3074 lazyload\" alt=\"\" data-srcset=\"https:\/\/loscascosverdes.org\/wp-content\/uploads\/2025\/08\/logosjuntaamazon-300x88.png 300w, https:\/\/loscascosverdes.org\/wp-content\/uploads\/2025\/08\/logosjuntaamazon-1024x300.png 1024w, https:\/\/loscascosverdes.org\/wp-content\/uploads\/2025\/08\/logosjuntaamazon-768x225.png 768w, https:\/\/loscascosverdes.org\/wp-content\/uploads\/2025\/08\/logosjuntaamazon-1536x450.png 1536w, https:\/\/loscascosverdes.org\/wp-content\/uploads\/2025\/08\/logosjuntaamazon-18x5.png 18w, https:\/\/loscascosverdes.org\/wp-content\/uploads\/2025\/08\/logosjuntaamazon.png 1848w\" sizes=\"(max-width: 300px) 100vw, 300px\" \/><noscript><img loading=\"lazy\" decoding=\"async\" width=\"300\" height=\"88\" src=\"https:\/\/loscascosverdes.org\/wp-content\/uploads\/2025\/08\/logosjuntaamazon-300x88.png\" class=\"attachment-medium size-medium wp-image-3074 lazyload\" alt=\"\" srcset=\"https:\/\/loscascosverdes.org\/wp-content\/uploads\/2025\/08\/logosjuntaamazon-300x88.png 300w, https:\/\/loscascosverdes.org\/wp-content\/uploads\/2025\/08\/logosjuntaamazon-1024x300.png 1024w, https:\/\/loscascosverdes.org\/wp-content\/uploads\/2025\/08\/logosjuntaamazon-768x225.png 768w, https:\/\/loscascosverdes.org\/wp-content\/uploads\/2025\/08\/logosjuntaamazon-1536x450.png 1536w, https:\/\/loscascosverdes.org\/wp-content\/uploads\/2025\/08\/logosjuntaamazon-18x5.png 18w, https:\/\/loscascosverdes.org\/wp-content\/uploads\/2025\/08\/logosjuntaamazon.png 1848w\" sizes=\"(max-width: 300px) 100vw, 300px\" \/><\/noscript>\t\t\t\t\t\t\t\t\t\t\t\t\t\t\t<\/div>\n\t\t\t\t<\/div>\n\t\t\t\t\t<\/div>\n\t\t<\/div>\n\t\t\t\t\t<\/div>\n\t\t<\/section>\n\t\t\t\t<\/div>\n\t\t","protected":false},"excerpt":{"rendered":"<p>Reforestaci\u00f3n \u00bfPor qu\u00e9 reforestar? La reforestaci\u00f3n es una herramienta esencial para la recuperaci\u00f3n de ecosistemas degradados, ya que ayuda a regular el ciclo del agua, a mitigar el cambio clim\u00e1tico y a conservar la biodiversidad. Adem\u00e1s, contribuye al desarrollo sostenible de la zona, mejorando las condiciones ambientales y socioecon\u00f3micas de la poblaci\u00f3n local y los [&hellip;]<\/p>\n","protected":false},"author":1,"featured_media":2314,"parent":0,"menu_order":0,"comment_status":"closed","ping_status":"closed","template":"elementor_header_footer","meta":{"footnotes":""},"class_list":["post-2476","page","type-page","status-publish","has-post-thumbnail","hentry"],"yoast_head":"<!-- This site is optimized with the Yoast SEO plugin v27.0 - https:\/\/yoast.com\/product\/yoast-seo-wordpress\/ -->\n<title>Reforestaci\u00f3n - Los Cascos Verdes<\/title>\n<meta name=\"description\" content=\"No dejes de participar. Tu centro educativo puede ser elegido y convertirse en un modelo de gesti\u00f3n en proyectos sostenibles.\" \/>\n<meta name=\"robots\" content=\"index, follow, max-snippet:-1, max-image-preview:large, max-video-preview:-1\" \/>\n<link rel=\"canonical\" href=\"https:\/\/loscascosverdes.org\/en\/reforestacion\/\" \/>\n<meta property=\"og:locale\" content=\"en_US\" \/>\n<meta property=\"og:type\" content=\"article\" \/>\n<meta property=\"og:title\" content=\"Reforestaci\u00f3n - Los Cascos Verdes\" \/>\n<meta property=\"og:description\" content=\"No dejes de participar. Tu centro educativo puede ser elegido y convertirse en un modelo de gesti\u00f3n en proyectos sostenibles.\" \/>\n<meta property=\"og:url\" content=\"https:\/\/loscascosverdes.org\/en\/reforestacion\/\" \/>\n<meta property=\"og:site_name\" content=\"Los Cascos Verdes\" \/>\n<meta property=\"article:publisher\" content=\"https:\/\/facebook.com\/Cascos_Verdes\" \/>\n<meta property=\"article:modified_time\" content=\"2025-08-11T12:34:37+00:00\" \/>\n<meta property=\"og:image\" content=\"http:\/\/loscascosverdes.org\/wp-content\/uploads\/2023\/05\/diana.png\" \/>\n\t<meta property=\"og:image:width\" content=\"1417\" \/>\n\t<meta property=\"og:image:height\" content=\"507\" \/>\n\t<meta property=\"og:image:type\" content=\"image\/png\" \/>\n<meta name=\"twitter:card\" content=\"summary_large_image\" \/>\n<meta name=\"twitter:label1\" content=\"Est. reading time\" \/>\n\t<meta name=\"twitter:data1\" content=\"18 minutes\" \/>\n<script type=\"application\/ld+json\" class=\"yoast-schema-graph\">{\"@context\":\"https:\/\/schema.org\",\"@graph\":[{\"@type\":\"WebPage\",\"@id\":\"https:\/\/loscascosverdes.org\/reforestacion\/\",\"url\":\"https:\/\/loscascosverdes.org\/reforestacion\/\",\"name\":\"Reforestaci\u00f3n - Los Cascos Verdes\",\"isPartOf\":{\"@id\":\"https:\/\/loscascosverdes.org\/#website\"},\"primaryImageOfPage\":{\"@id\":\"https:\/\/loscascosverdes.org\/reforestacion\/#primaryimage\"},\"image\":{\"@id\":\"https:\/\/loscascosverdes.org\/reforestacion\/#primaryimage\"},\"thumbnailUrl\":\"https:\/\/loscascosverdes.org\/wp-content\/uploads\/2023\/05\/diana.png\",\"datePublished\":\"2023-07-17T10:48:42+00:00\",\"dateModified\":\"2025-08-11T12:34:37+00:00\",\"description\":\"No dejes de participar. Tu centro educativo puede ser elegido y convertirse en un modelo de gesti\u00f3n en proyectos sostenibles.\",\"breadcrumb\":{\"@id\":\"https:\/\/loscascosverdes.org\/reforestacion\/#breadcrumb\"},\"inLanguage\":\"en-US\",\"potentialAction\":[{\"@type\":\"ReadAction\",\"target\":[\"https:\/\/loscascosverdes.org\/reforestacion\/\"]}]},{\"@type\":\"ImageObject\",\"inLanguage\":\"en-US\",\"@id\":\"https:\/\/loscascosverdes.org\/reforestacion\/#primaryimage\",\"url\":\"https:\/\/loscascosverdes.org\/wp-content\/uploads\/2023\/05\/diana.png\",\"contentUrl\":\"https:\/\/loscascosverdes.org\/wp-content\/uploads\/2023\/05\/diana.png\",\"width\":1417,\"height\":507,\"caption\":\"imagen microproyectos\"},{\"@type\":\"BreadcrumbList\",\"@id\":\"https:\/\/loscascosverdes.org\/reforestacion\/#breadcrumb\",\"itemListElement\":[{\"@type\":\"ListItem\",\"position\":1,\"name\":\"Portada\",\"item\":\"https:\/\/loscascosverdes.org\/\"},{\"@type\":\"ListItem\",\"position\":2,\"name\":\"Reforestaci\u00f3n\"}]},{\"@type\":\"WebSite\",\"@id\":\"https:\/\/loscascosverdes.org\/#website\",\"url\":\"https:\/\/loscascosverdes.org\/\",\"name\":\"Los Cascos Verdes\",\"description\":\"Cascos Verdes es un proyecto inspirado en los Cascos Azules de Naciones Unidas que busca abrir un espacio ciudadano para unir a miles de personas que quieran trabajar por la sostenibilidad del planeta.\",\"publisher\":{\"@id\":\"https:\/\/loscascosverdes.org\/#organization\"},\"alternateName\":\"Cascos Verdes\",\"potentialAction\":[{\"@type\":\"SearchAction\",\"target\":{\"@type\":\"EntryPoint\",\"urlTemplate\":\"https:\/\/loscascosverdes.org\/?s={search_term_string}\"},\"query-input\":{\"@type\":\"PropertyValueSpecification\",\"valueRequired\":true,\"valueName\":\"search_term_string\"}}],\"inLanguage\":\"en-US\"},{\"@type\":\"Organization\",\"@id\":\"https:\/\/loscascosverdes.org\/#organization\",\"name\":\"Los Cascos Verdes\",\"alternateName\":\"Cascos Verdes\",\"url\":\"https:\/\/loscascosverdes.org\/\",\"logo\":{\"@type\":\"ImageObject\",\"inLanguage\":\"en-US\",\"@id\":\"https:\/\/loscascosverdes.org\/#\/schema\/logo\/image\/\",\"url\":\"https:\/\/loscascosverdes.org\/wp-content\/uploads\/2023\/02\/cropped-iconolvc-1.png\",\"contentUrl\":\"https:\/\/loscascosverdes.org\/wp-content\/uploads\/2023\/02\/cropped-iconolvc-1.png\",\"width\":512,\"height\":512,\"caption\":\"Los Cascos Verdes\"},\"image\":{\"@id\":\"https:\/\/loscascosverdes.org\/#\/schema\/logo\/image\/\"},\"sameAs\":[\"https:\/\/facebook.com\/Cascos_Verdes\",\"https:\/\/www.linkedin.com\/in\/cascos-verdes-155479267\/\",\"https:\/\/www.tiktok.com\/@cascos_verdes\",\"https:\/\/www.twitch.tv\/cascos_verdes\",\"https:\/\/www.instagram.com\/cascos_verdes\/\"]}]}<\/script>\n<!-- \/ Yoast SEO plugin. -->","yoast_head_json":{"title":"Reforestaci\u00f3n - Los Cascos Verdes","description":"No dejes de participar. Tu centro educativo puede ser elegido y convertirse en un modelo de gesti\u00f3n en proyectos sostenibles.","robots":{"index":"index","follow":"follow","max-snippet":"max-snippet:-1","max-image-preview":"max-image-preview:large","max-video-preview":"max-video-preview:-1"},"canonical":"https:\/\/loscascosverdes.org\/en\/reforestacion\/","og_locale":"en_US","og_type":"article","og_title":"Reforestaci\u00f3n - Los Cascos Verdes","og_description":"No dejes de participar. Tu centro educativo puede ser elegido y convertirse en un modelo de gesti\u00f3n en proyectos sostenibles.","og_url":"https:\/\/loscascosverdes.org\/en\/reforestacion\/","og_site_name":"Los Cascos Verdes","article_publisher":"https:\/\/facebook.com\/Cascos_Verdes","article_modified_time":"2025-08-11T12:34:37+00:00","og_image":[{"width":1417,"height":507,"url":"http:\/\/loscascosverdes.org\/wp-content\/uploads\/2023\/05\/diana.png","type":"image\/png"}],"twitter_card":"summary_large_image","twitter_misc":{"Est. reading time":"18 minutes"},"schema":{"@context":"https:\/\/schema.org","@graph":[{"@type":"WebPage","@id":"https:\/\/loscascosverdes.org\/reforestacion\/","url":"https:\/\/loscascosverdes.org\/reforestacion\/","name":"Reforestaci\u00f3n - Los Cascos Verdes","isPartOf":{"@id":"https:\/\/loscascosverdes.org\/#website"},"primaryImageOfPage":{"@id":"https:\/\/loscascosverdes.org\/reforestacion\/#primaryimage"},"image":{"@id":"https:\/\/loscascosverdes.org\/reforestacion\/#primaryimage"},"thumbnailUrl":"https:\/\/loscascosverdes.org\/wp-content\/uploads\/2023\/05\/diana.png","datePublished":"2023-07-17T10:48:42+00:00","dateModified":"2025-08-11T12:34:37+00:00","description":"No dejes de participar. Tu centro educativo puede ser elegido y convertirse en un modelo de gesti\u00f3n en proyectos sostenibles.","breadcrumb":{"@id":"https:\/\/loscascosverdes.org\/reforestacion\/#breadcrumb"},"inLanguage":"en-US","potentialAction":[{"@type":"ReadAction","target":["https:\/\/loscascosverdes.org\/reforestacion\/"]}]},{"@type":"ImageObject","inLanguage":"en-US","@id":"https:\/\/loscascosverdes.org\/reforestacion\/#primaryimage","url":"https:\/\/loscascosverdes.org\/wp-content\/uploads\/2023\/05\/diana.png","contentUrl":"https:\/\/loscascosverdes.org\/wp-content\/uploads\/2023\/05\/diana.png","width":1417,"height":507,"caption":"imagen microproyectos"},{"@type":"BreadcrumbList","@id":"https:\/\/loscascosverdes.org\/reforestacion\/#breadcrumb","itemListElement":[{"@type":"ListItem","position":1,"name":"Portada","item":"https:\/\/loscascosverdes.org\/"},{"@type":"ListItem","position":2,"name":"Reforestaci\u00f3n"}]},{"@type":"WebSite","@id":"https:\/\/loscascosverdes.org\/#website","url":"https:\/\/loscascosverdes.org\/","name":"Los Cascos Verdes","description":"Cascos Verdes es un proyecto inspirado en los Cascos Azules de Naciones Unidas que busca abrir un espacio ciudadano para unir a miles de personas que quieran trabajar por la sostenibilidad del planeta.","publisher":{"@id":"https:\/\/loscascosverdes.org\/#organization"},"alternateName":"Cascos Verdes","potentialAction":[{"@type":"SearchAction","target":{"@type":"EntryPoint","urlTemplate":"https:\/\/loscascosverdes.org\/?s={search_term_string}"},"query-input":{"@type":"PropertyValueSpecification","valueRequired":true,"valueName":"search_term_string"}}],"inLanguage":"en-US"},{"@type":"Organization","@id":"https:\/\/loscascosverdes.org\/#organization","name":"Los Cascos Verdes","alternateName":"Cascos Verdes","url":"https:\/\/loscascosverdes.org\/","logo":{"@type":"ImageObject","inLanguage":"en-US","@id":"https:\/\/loscascosverdes.org\/#\/schema\/logo\/image\/","url":"https:\/\/loscascosverdes.org\/wp-content\/uploads\/2023\/02\/cropped-iconolvc-1.png","contentUrl":"https:\/\/loscascosverdes.org\/wp-content\/uploads\/2023\/02\/cropped-iconolvc-1.png","width":512,"height":512,"caption":"Los Cascos Verdes"},"image":{"@id":"https:\/\/loscascosverdes.org\/#\/schema\/logo\/image\/"},"sameAs":["https:\/\/facebook.com\/Cascos_Verdes","https:\/\/www.linkedin.com\/in\/cascos-verdes-155479267\/","https:\/\/www.tiktok.com\/@cascos_verdes","https:\/\/www.twitch.tv\/cascos_verdes","https:\/\/www.instagram.com\/cascos_verdes\/"]}]}},"_links":{"self":[{"href":"https:\/\/loscascosverdes.org\/en\/wp-json\/wp\/v2\/pages\/2476","targetHints":{"allow":["GET"]}}],"collection":[{"href":"https:\/\/loscascosverdes.org\/en\/wp-json\/wp\/v2\/pages"}],"about":[{"href":"https:\/\/loscascosverdes.org\/en\/wp-json\/wp\/v2\/types\/page"}],"author":[{"embeddable":true,"href":"https:\/\/loscascosverdes.org\/en\/wp-json\/wp\/v2\/users\/1"}],"replies":[{"embeddable":true,"href":"https:\/\/loscascosverdes.org\/en\/wp-json\/wp\/v2\/comments?post=2476"}],"version-history":[{"count":0,"href":"https:\/\/loscascosverdes.org\/en\/wp-json\/wp\/v2\/pages\/2476\/revisions"}],"wp:featuredmedia":[{"embeddable":true,"href":"https:\/\/loscascosverdes.org\/en\/wp-json\/wp\/v2\/media\/2314"}],"wp:attachment":[{"href":"https:\/\/loscascosverdes.org\/en\/wp-json\/wp\/v2\/media?parent=2476"}],"curies":[{"name":"wp","href":"https:\/\/api.w.org\/{rel}","templated":true}]}}